{"id":176,"date":"2020-08-03T16:25:48","date_gmt":"2020-08-03T12:55:48","guid":{"rendered":"http:\/\/www.sahandazarin.com\/?page_id=176"},"modified":"2021-10-18T08:01:38","modified_gmt":"2021-10-18T08:01:38","slug":"tarim-makineleri-ve-traktorlerin-parcalari","status":"publish","type":"page","link":"https:\/\/www.veco.com.tr\/tr\/tarim-makineleri-ve-traktorlerin-parcalari\/","title":{"rendered":"Tar\u0131m makineleri ve trakt\u00f6rlerin par\u00e7alar\u0131"},"content":{"rendered":"<div class=\"fusion-fullwidth fullwidth-box fusion-builder-row-1 fusion-flex-container nonhundred-percent-fullwidth non-hundred-percent-height-scrolling\" style=\"background-color: rgba(255,255,255,0);background-position: center center;background-repeat: no-repeat;border-width: 0px 0px 0px 0px;border-color:#e2e2e2;border-style:solid;\" ><div class=\"fusion-builder-row fusion-row fusion-flex-align-items-flex-start\" style=\"max-width:1404px;margin-left: calc(-4% \/ 2 );margin-right: calc(-4% \/ 2 );\"><div class=\"fusion-layout-column fusion_builder_column fusion-builder-column-0 fusion_builder_column_1_1 1_1 fusion-flex-column\"><div class=\"fusion-column-wrapper fusion-flex-justify-content-flex-start fusion-content-layout-column\" style=\"background-position:left top;background-repeat:no-repeat;-webkit-background-size:cover;-moz-background-size:cover;-o-background-size:cover;background-size:cover;padding: 0px 0px 0px 0px;\"><style type=\"text\/css\">.fusion-portfolio-wrapper#fusion-portfolio-1 .fusion-portfolio-content{ padding: 25px 25px 25px 25px; text-align: center; }<\/style><div class=\"fusion-recent-works fusion-portfolio-element fusion-portfolio fusion-portfolio-1 fusion-portfolio-grid fusion-portfolio-paging-infinite fusion-portfolio-four fusion-portfolio-boxed fusion-portfolio-text fusion-portfolio-rollover\" data-id=\"-rw-1\" data-columns=\"four\"><style type=\"text\/css\">.fusion-portfolio-1 .fusion-portfolio-wrapper .fusion-col-spacing{padding:15px;}<\/style><div class=\"fusion-portfolio-wrapper\" id=\"fusion-portfolio-1\" data-picturesize=\"auto\" data-pages=\"2\" style=\"margin:-15px;\"><article id=\"portfolio-1-post-913\" class=\"fusion-portfolio-post tarim-makineleri-ve-traktorlerin-parcalari fusion-col-spacing post-913\"><div class=\"fusion-portfolio-content-wrapper\" style=\"border:1px solid #f2f3f5;border-bottom-width:3px;background-color:rgba(255,255,255,0);\"><span class=\"vcard rich-snippet-hidden\"><span class=\"fn\"><a href=\"https:\/\/www.veco.com.tr\/tr\/author\/sahandazarin\/\" title=\"Posts by sahandazarin\" rel=\"author\">sahandazarin<\/a><\/span><\/span><span class=\"updated rich-snippet-hidden\">2021-10-18T11:38:23+00:00<\/span>\n\n<div  class=\"fusion-image-wrapper\" aria-haspopup=\"true\">\n\t\n\t\n\t\t\n\t\t\t\t\t<img width=\"500\" height=\"500\" src=\"https:\/\/www.veco.com.tr\/tr\/wp-content\/uploads\/2020\/09\/\u062a\u0648\u067e\u06cc-399-Recovered.png\" class=\"attachment-full size-full wp-post-image\" alt=\"\" loading=\"lazy\" srcset=\"https:\/\/www.veco.com.tr\/tr\/wp-content\/uploads\/2020\/09\/\u062a\u0648\u067e\u06cc-399-Recovered-200x200.png 200w, https:\/\/www.veco.com.tr\/tr\/wp-content\/uploads\/2020\/09\/\u062a\u0648\u067e\u06cc-399-Recovered-400x400.png 400w, https:\/\/www.veco.com.tr\/tr\/wp-content\/uploads\/2020\/09\/\u062a\u0648\u067e\u06cc-399-Recovered.png 500w\" sizes=\"(min-width: 2200px) 100vw, (min-width: 856px) 315px, (min-width: 784px) 420px, (min-width: 712px) 630px, (min-width: 640px) 712px, \" \/>\n\t\n\n\t\t<div class=\"fusion-rollover\">\n\t<div class=\"fusion-rollover-content\">\n\n\t\t\t\t\t\t\t\t\t\t\t\t\t\t<a class=\"fusion-rollover-link\" href=\"https:\/\/www.veco.com.tr\/tr\/portfolio-items\/399-kampana\/?portfolioCats=13\">399 kampana<\/a>\n\t\t\t\n\t\t\t\t\t\t\t\t\t\t\t\t\t\t\n\t\t\t\t\t\t\t\t\n\t\t\t\t\t\t\t\t\t\t\t\t\t<div class=\"fusion-rollover-sep\"><\/div>\n\t\t\t\t\n\t\t\t\t\t\t\t\t\t\t\t\t\t\t\t\t\t\t<a class=\"fusion-rollover-gallery\" href=\"https:\/\/www.veco.com.tr\/tr\/wp-content\/uploads\/2020\/09\/\u062a\u0648\u067e\u06cc-399-Recovered.png\" data-id=\"913\" data-rel=\"iLightbox[gallery-rw-1]\" data-title=\"\u062a\u0648\u067e\u06cc 399-Recovered\" data-caption=\"\">\n\t\t\t\t\t\tGallery\t\t\t\t\t<\/a>\n\t\t\t\t\t\t\t\t\t\t\t\t\t\t\n\t\t\t\t\n\t\t\t\t\t\t\t\t\t\t\t\t<h4 class=\"fusion-rollover-title\">\n\t\t\t\t\t<a class=\"fusion-rollover-title-link\" href=\"https:\/\/www.veco.com.tr\/tr\/portfolio-items\/399-kampana\/?portfolioCats=13\">\n\t\t\t\t\t\t399 kampana\t\t\t\t\t<\/a>\n\t\t\t\t<\/h4>\n\t\t\t\n\t\t\t\t\t\t\t\t\t\t\t\t\t\t<div class=\"fusion-rollover-categories\"><a href=\"https:\/\/www.veco.com.tr\/tr\/portfolio_category\/tarim-makineleri-ve-traktorlerin-parcalari\/\" rel=\"tag\">Tar\u0131m makineleri ve trakt\u00f6rlerin par\u00e7alar\u0131<\/a><\/div>\t\t\t\t\t\n\t\t\n\t\t\t\t<a class=\"fusion-link-wrapper\" href=\"https:\/\/www.veco.com.tr\/tr\/portfolio-items\/399-kampana\/?portfolioCats=13\" aria-label=\"399 kampana\"><\/a>\n\t<\/div>\n<\/div>\n\n\t\n<\/div>\n<div class=\"fusion-portfolio-content\" style=\"background-color:rgba(255,255,255,0);\"><h2 class=\"entry-title fusion-post-title\"><a href=\"https:\/\/www.veco.com.tr\/tr\/portfolio-items\/399-kampana\/?portfolioCats=13\">399 kampana<\/a><\/h2><div class=\"fusion-post-content\"><\/div><\/div><\/div><\/article><article id=\"portfolio-1-post-908\" class=\"fusion-portfolio-post tarim-makineleri-ve-traktorlerin-parcalari fusion-col-spacing post-908\"><div class=\"fusion-portfolio-content-wrapper\" style=\"border:1px solid #f2f3f5;border-bottom-width:3px;background-color:rgba(255,255,255,0);\"><span class=\"vcard rich-snippet-hidden\"><span class=\"fn\"><a href=\"https:\/\/www.veco.com.tr\/tr\/author\/sahandazarin\/\" title=\"Posts by sahandazarin\" rel=\"author\">sahandazarin<\/a><\/span><\/span><span class=\"updated rich-snippet-hidden\">2021-10-18T11:43:55+00:00<\/span>\n\n<div  class=\"fusion-image-wrapper\" aria-haspopup=\"true\">\n\t\n\t\n\t\t\n\t\t\t\t\t<img width=\"500\" height=\"500\" src=\"https:\/\/www.veco.com.tr\/tr\/wp-content\/uploads\/2020\/09\/\u0633\u06cc\u0644\u0646\u062f\u0631-\u0644\u06cc\u0641\u062a-\u06a9\u0627\u0648\u0631.png\" class=\"attachment-full size-full wp-post-image\" alt=\"\" loading=\"lazy\" srcset=\"https:\/\/www.veco.com.tr\/tr\/wp-content\/uploads\/2020\/09\/\u0633\u06cc\u0644\u0646\u062f\u0631-\u0644\u06cc\u0641\u062a-\u06a9\u0627\u0648\u0631-200x200.png 200w, https:\/\/www.veco.com.tr\/tr\/wp-content\/uploads\/2020\/09\/\u0633\u06cc\u0644\u0646\u062f\u0631-\u0644\u06cc\u0641\u062a-\u06a9\u0627\u0648\u0631-400x400.png 400w, https:\/\/www.veco.com.tr\/tr\/wp-content\/uploads\/2020\/09\/\u0633\u06cc\u0644\u0646\u062f\u0631-\u0644\u06cc\u0641\u062a-\u06a9\u0627\u0648\u0631.png 500w\" sizes=\"(min-width: 2200px) 100vw, (min-width: 856px) 315px, (min-width: 784px) 420px, (min-width: 712px) 630px, (min-width: 640px) 712px, \" \/>\n\t\n\n\t\t<div class=\"fusion-rollover\">\n\t<div class=\"fusion-rollover-content\">\n\n\t\t\t\t\t\t\t\t\t\t\t\t\t\t<a class=\"fusion-rollover-link\" href=\"https:\/\/www.veco.com.tr\/tr\/portfolio-items\/kaldirma-kapagi\/?portfolioCats=13\">Kald\u0131rma Kapa\u011f\u0131<\/a>\n\t\t\t\n\t\t\t\t\t\t\t\t\t\t\t\t\t\t\n\t\t\t\t\t\t\t\t\n\t\t\t\t\t\t\t\t\t\t\t\t\t<div class=\"fusion-rollover-sep\"><\/div>\n\t\t\t\t\n\t\t\t\t\t\t\t\t\t\t\t\t\t\t\t\t\t\t<a class=\"fusion-rollover-gallery\" href=\"https:\/\/www.veco.com.tr\/tr\/wp-content\/uploads\/2020\/09\/\u0633\u06cc\u0644\u0646\u062f\u0631-\u0644\u06cc\u0641\u062a-\u06a9\u0627\u0648\u0631.png\" data-id=\"908\" data-rel=\"iLightbox[gallery-rw-1]\" data-title=\"\u0633\u06cc\u0644\u0646\u062f\u0631 \u0644\u06cc\u0641\u062a \u06a9\u0627\u0648\u0631\" data-caption=\"\">\n\t\t\t\t\t\tGallery\t\t\t\t\t<\/a>\n\t\t\t\t\t\t\t\t\t\t\t\t\t\t\n\t\t\t\t\n\t\t\t\t\t\t\t\t\t\t\t\t<h4 class=\"fusion-rollover-title\">\n\t\t\t\t\t<a class=\"fusion-rollover-title-link\" href=\"https:\/\/www.veco.com.tr\/tr\/portfolio-items\/kaldirma-kapagi\/?portfolioCats=13\">\n\t\t\t\t\t\tKald\u0131rma Kapa\u011f\u0131\t\t\t\t\t<\/a>\n\t\t\t\t<\/h4>\n\t\t\t\n\t\t\t\t\t\t\t\t\t\t\t\t\t\t<div class=\"fusion-rollover-categories\"><a href=\"https:\/\/www.veco.com.tr\/tr\/portfolio_category\/tarim-makineleri-ve-traktorlerin-parcalari\/\" rel=\"tag\">Tar\u0131m makineleri ve trakt\u00f6rlerin par\u00e7alar\u0131<\/a><\/div>\t\t\t\t\t\n\t\t\n\t\t\t\t<a class=\"fusion-link-wrapper\" href=\"https:\/\/www.veco.com.tr\/tr\/portfolio-items\/kaldirma-kapagi\/?portfolioCats=13\" aria-label=\"Kald\u0131rma Kapa\u011f\u0131\"><\/a>\n\t<\/div>\n<\/div>\n\n\t\n<\/div>\n<div class=\"fusion-portfolio-content\" style=\"background-color:rgba(255,255,255,0);\"><h2 class=\"entry-title fusion-post-title\"><a href=\"https:\/\/www.veco.com.tr\/tr\/portfolio-items\/kaldirma-kapagi\/?portfolioCats=13\">Kald\u0131rma Kapa\u011f\u0131<\/a><\/h2><div class=\"fusion-post-content\"><\/div><\/div><\/div><\/article><article id=\"portfolio-1-post-767\" class=\"fusion-portfolio-post tarim-makineleri-ve-traktorlerin-parcalari fusion-col-spacing post-767\"><div class=\"fusion-portfolio-content-wrapper\" style=\"border:1px solid #f2f3f5;border-bottom-width:3px;background-color:rgba(255,255,255,0);\"><span class=\"vcard rich-snippet-hidden\"><span class=\"fn\"><a href=\"https:\/\/www.veco.com.tr\/tr\/author\/sahandazarin\/\" title=\"Posts by sahandazarin\" rel=\"author\">sahandazarin<\/a><\/span><\/span><span class=\"updated rich-snippet-hidden\">2021-10-18T11:46:09+00:00<\/span>\n\n<div  class=\"fusion-image-wrapper\" aria-haspopup=\"true\">\n\t\n\t\n\t\t\n\t\t\t\t\t<img width=\"500\" height=\"500\" src=\"https:\/\/www.veco.com.tr\/tr\/wp-content\/uploads\/2020\/09\/\u0635\u0641\u062d\u0647-\u06a9\u0644\u0627\u0686.png\" class=\"attachment-full size-full wp-post-image\" alt=\"\" loading=\"lazy\" srcset=\"https:\/\/www.veco.com.tr\/tr\/wp-content\/uploads\/2020\/09\/\u0635\u0641\u062d\u0647-\u06a9\u0644\u0627\u0686-200x200.png 200w, https:\/\/www.veco.com.tr\/tr\/wp-content\/uploads\/2020\/09\/\u0635\u0641\u062d\u0647-\u06a9\u0644\u0627\u0686-400x400.png 400w, https:\/\/www.veco.com.tr\/tr\/wp-content\/uploads\/2020\/09\/\u0635\u0641\u062d\u0647-\u06a9\u0644\u0627\u0686.png 500w\" sizes=\"(min-width: 2200px) 100vw, (min-width: 856px) 315px, (min-width: 784px) 420px, (min-width: 712px) 630px, (min-width: 640px) 712px, \" \/>\n\t\n\n\t\t<div class=\"fusion-rollover\">\n\t<div class=\"fusion-rollover-content\">\n\n\t\t\t\t\t\t\t\t\t\t\t\t\t\t<a class=\"fusion-rollover-link\" href=\"https:\/\/www.veco.com.tr\/tr\/portfolio-items\/traktor-debriyaj-ic-kabugu-285\/?portfolioCats=13\">Trakt\u00f6r debriyaj i\u00e7 kabu\u011fu 285<\/a>\n\t\t\t\n\t\t\t\t\t\t\t\t\t\t\t\t\t\t\n\t\t\t\t\t\t\t\t\n\t\t\t\t\t\t\t\t\t\t\t\t\t<div class=\"fusion-rollover-sep\"><\/div>\n\t\t\t\t\n\t\t\t\t\t\t\t\t\t\t\t\t\t\t\t\t\t\t<a class=\"fusion-rollover-gallery\" href=\"https:\/\/www.veco.com.tr\/tr\/wp-content\/uploads\/2020\/09\/\u0635\u0641\u062d\u0647-\u06a9\u0644\u0627\u0686.png\" data-id=\"767\" data-rel=\"iLightbox[gallery-rw-1]\" data-title=\"\u0635\u0641\u062d\u0647 \u06a9\u0644\u0627\u0686\" data-caption=\"\">\n\t\t\t\t\t\tGallery\t\t\t\t\t<\/a>\n\t\t\t\t\t\t\t\t\t\t\t\t\t\t\n\t\t\t\t\n\t\t\t\t\t\t\t\t\t\t\t\t<h4 class=\"fusion-rollover-title\">\n\t\t\t\t\t<a class=\"fusion-rollover-title-link\" href=\"https:\/\/www.veco.com.tr\/tr\/portfolio-items\/traktor-debriyaj-ic-kabugu-285\/?portfolioCats=13\">\n\t\t\t\t\t\tTrakt\u00f6r debriyaj i\u00e7 kabu\u011fu 285\t\t\t\t\t<\/a>\n\t\t\t\t<\/h4>\n\t\t\t\n\t\t\t\t\t\t\t\t\t\t\t\t\t\t<div class=\"fusion-rollover-categories\"><a href=\"https:\/\/www.veco.com.tr\/tr\/portfolio_category\/tarim-makineleri-ve-traktorlerin-parcalari\/\" rel=\"tag\">Tar\u0131m makineleri ve trakt\u00f6rlerin par\u00e7alar\u0131<\/a><\/div>\t\t\t\t\t\n\t\t\n\t\t\t\t<a class=\"fusion-link-wrapper\" href=\"https:\/\/www.veco.com.tr\/tr\/portfolio-items\/traktor-debriyaj-ic-kabugu-285\/?portfolioCats=13\" aria-label=\"Trakt\u00f6r debriyaj i\u00e7 kabu\u011fu 285\"><\/a>\n\t<\/div>\n<\/div>\n\n\t\n<\/div>\n<div class=\"fusion-portfolio-content\" style=\"background-color:rgba(255,255,255,0);\"><h2 class=\"entry-title fusion-post-title\"><a href=\"https:\/\/www.veco.com.tr\/tr\/portfolio-items\/traktor-debriyaj-ic-kabugu-285\/?portfolioCats=13\">Trakt\u00f6r debriyaj i\u00e7 kabu\u011fu 285<\/a><\/h2><div class=\"fusion-post-content\"><\/div><\/div><\/div><\/article><article id=\"portfolio-1-post-764\" class=\"fusion-portfolio-post tarim-makineleri-ve-traktorlerin-parcalari fusion-col-spacing post-764\"><div class=\"fusion-portfolio-content-wrapper\" style=\"border:1px solid #f2f3f5;border-bottom-width:3px;background-color:rgba(255,255,255,0);\"><span class=\"vcard rich-snippet-hidden\"><span class=\"fn\"><a href=\"https:\/\/www.veco.com.tr\/tr\/author\/sahandazarin\/\" title=\"Posts by sahandazarin\" rel=\"author\">sahandazarin<\/a><\/span><\/span><span class=\"updated rich-snippet-hidden\">2021-10-19T11:40:51+00:00<\/span>\n\n<div  class=\"fusion-image-wrapper\" aria-haspopup=\"true\">\n\t\n\t\n\t\t\n\t\t\t\t\t<img width=\"500\" height=\"500\" src=\"https:\/\/www.veco.com.tr\/tr\/wp-content\/uploads\/2020\/09\/\u06af\u06cc\u0631\u0628\u06a9\u0633-\u0645\u06cc\u0627\u0646\u06cc2.png\" class=\"attachment-full size-full wp-post-image\" alt=\"\" loading=\"lazy\" srcset=\"https:\/\/www.veco.com.tr\/tr\/wp-content\/uploads\/2020\/09\/\u06af\u06cc\u0631\u0628\u06a9\u0633-\u0645\u06cc\u0627\u0646\u06cc2-200x200.png 200w, https:\/\/www.veco.com.tr\/tr\/wp-content\/uploads\/2020\/09\/\u06af\u06cc\u0631\u0628\u06a9\u0633-\u0645\u06cc\u0627\u0646\u06cc2-400x400.png 400w, https:\/\/www.veco.com.tr\/tr\/wp-content\/uploads\/2020\/09\/\u06af\u06cc\u0631\u0628\u06a9\u0633-\u0645\u06cc\u0627\u0646\u06cc2.png 500w\" sizes=\"(min-width: 2200px) 100vw, (min-width: 856px) 315px, (min-width: 784px) 420px, (min-width: 712px) 630px, (min-width: 640px) 712px, \" \/>\n\t\n\n\t\t<div class=\"fusion-rollover\">\n\t<div class=\"fusion-rollover-content\">\n\n\t\t\t\t\t\t\t\t\t\t\t\t\t\t<a class=\"fusion-rollover-link\" href=\"https:\/\/www.veco.com.tr\/tr\/portfolio-items\/cift-diferansiyel-orta-disli-kutusu-muhafazasi\/?portfolioCats=13\">\u00c7ift\u00a0diferansiyel orta di\u015fli kutusu muhafazas\u0131<\/a>\n\t\t\t\n\t\t\t\t\t\t\t\t\t\t\t\t\t\t\n\t\t\t\t\t\t\t\t\n\t\t\t\t\t\t\t\t\t\t\t\t\t<div class=\"fusion-rollover-sep\"><\/div>\n\t\t\t\t\n\t\t\t\t\t\t\t\t\t\t\t\t\t\t\t\t\t\t<a class=\"fusion-rollover-gallery\" href=\"https:\/\/www.veco.com.tr\/tr\/wp-content\/uploads\/2020\/09\/\u06af\u06cc\u0631\u0628\u06a9\u0633-\u0645\u06cc\u0627\u0646\u06cc2.png\" data-id=\"764\" data-rel=\"iLightbox[gallery-rw-1]\" data-title=\"\u06af\u06cc\u0631\u0628\u06a9\u0633 \u0645\u06cc\u0627\u0646\u06cc2\" data-caption=\"\">\n\t\t\t\t\t\tGallery\t\t\t\t\t<\/a>\n\t\t\t\t\t\t\t\t\t\t\t\t\t\t\n\t\t\t\t\n\t\t\t\t\t\t\t\t\t\t\t\t<h4 class=\"fusion-rollover-title\">\n\t\t\t\t\t<a class=\"fusion-rollover-title-link\" href=\"https:\/\/www.veco.com.tr\/tr\/portfolio-items\/cift-diferansiyel-orta-disli-kutusu-muhafazasi\/?portfolioCats=13\">\n\t\t\t\t\t\t\u00c7ift\u00a0diferansiyel orta di\u015fli kutusu muhafazas\u0131\t\t\t\t\t<\/a>\n\t\t\t\t<\/h4>\n\t\t\t\n\t\t\t\t\t\t\t\t\t\t\t\t\t\t<div class=\"fusion-rollover-categories\"><a href=\"https:\/\/www.veco.com.tr\/tr\/portfolio_category\/tarim-makineleri-ve-traktorlerin-parcalari\/\" rel=\"tag\">Tar\u0131m makineleri ve trakt\u00f6rlerin par\u00e7alar\u0131<\/a><\/div>\t\t\t\t\t\n\t\t\n\t\t\t\t<a class=\"fusion-link-wrapper\" href=\"https:\/\/www.veco.com.tr\/tr\/portfolio-items\/cift-diferansiyel-orta-disli-kutusu-muhafazasi\/?portfolioCats=13\" aria-label=\"\u00c7ift\u00a0diferansiyel orta di\u015fli kutusu muhafazas\u0131\"><\/a>\n\t<\/div>\n<\/div>\n\n\t\n<\/div>\n<div class=\"fusion-portfolio-content\" style=\"background-color:rgba(255,255,255,0);\"><h2 class=\"entry-title fusion-post-title\"><a href=\"https:\/\/www.veco.com.tr\/tr\/portfolio-items\/cift-diferansiyel-orta-disli-kutusu-muhafazasi\/?portfolioCats=13\">\u00c7ift\u00a0diferansiyel orta di\u015fli kutusu muhafazas\u0131<\/a><\/h2><div class=\"fusion-post-content\"><\/div><\/div><\/div><\/article><article id=\"portfolio-1-post-761\" class=\"fusion-portfolio-post tarim-makineleri-ve-traktorlerin-parcalari fusion-col-spacing post-761\"><div class=\"fusion-portfolio-content-wrapper\" style=\"border:1px solid #f2f3f5;border-bottom-width:3px;background-color:rgba(255,255,255,0);\"><span class=\"vcard rich-snippet-hidden\"><span class=\"fn\"><a href=\"https:\/\/www.veco.com.tr\/tr\/author\/sahandazarin\/\" title=\"Posts by sahandazarin\" rel=\"author\">sahandazarin<\/a><\/span><\/span><span class=\"updated rich-snippet-hidden\">2021-10-19T11:50:21+00:00<\/span>\n\n<div  class=\"fusion-image-wrapper\" aria-haspopup=\"true\">\n\t\n\t\n\t\t\n\t\t\t\t\t<img width=\"500\" height=\"500\" src=\"https:\/\/www.veco.com.tr\/tr\/wp-content\/uploads\/2020\/09\/\u067e\u0627\u06cc\u0647-\u0641\u0646-\u062f\u06cc\u0631\u0627\u06cc\u0648-\u062a\u0631\u0627\u06a9\u062a\u0648\u0631.png\" class=\"attachment-full size-full wp-post-image\" alt=\"\" loading=\"lazy\" srcset=\"https:\/\/www.veco.com.tr\/tr\/wp-content\/uploads\/2020\/09\/\u067e\u0627\u06cc\u0647-\u0641\u0646-\u062f\u06cc\u0631\u0627\u06cc\u0648-\u062a\u0631\u0627\u06a9\u062a\u0648\u0631-200x200.png 200w, https:\/\/www.veco.com.tr\/tr\/wp-content\/uploads\/2020\/09\/\u067e\u0627\u06cc\u0647-\u0641\u0646-\u062f\u06cc\u0631\u0627\u06cc\u0648-\u062a\u0631\u0627\u06a9\u062a\u0648\u0631-400x400.png 400w, https:\/\/www.veco.com.tr\/tr\/wp-content\/uploads\/2020\/09\/\u067e\u0627\u06cc\u0647-\u0641\u0646-\u062f\u06cc\u0631\u0627\u06cc\u0648-\u062a\u0631\u0627\u06a9\u062a\u0648\u0631.png 500w\" sizes=\"(min-width: 2200px) 100vw, (min-width: 856px) 315px, (min-width: 784px) 420px, (min-width: 712px) 630px, (min-width: 640px) 712px, \" \/>\n\t\n\n\t\t<div class=\"fusion-rollover\">\n\t<div class=\"fusion-rollover-content\">\n\n\t\t\t\t\t\t\t\t\t\t\t\t\t\t<a class=\"fusion-rollover-link\" href=\"https:\/\/www.veco.com.tr\/tr\/portfolio-items\/traktor-fan-tahrikinin-taban\/?portfolioCats=13\">Trakt\u00f6r fan tahrikinin taban<\/a>\n\t\t\t\n\t\t\t\t\t\t\t\t\t\t\t\t\t\t\n\t\t\t\t\t\t\t\t\n\t\t\t\t\t\t\t\t\t\t\t\t\t<div class=\"fusion-rollover-sep\"><\/div>\n\t\t\t\t\n\t\t\t\t\t\t\t\t\t\t\t\t\t\t\t\t\t\t<a class=\"fusion-rollover-gallery\" href=\"https:\/\/www.veco.com.tr\/tr\/wp-content\/uploads\/2020\/09\/\u067e\u0627\u06cc\u0647-\u0641\u0646-\u062f\u06cc\u0631\u0627\u06cc\u0648-\u062a\u0631\u0627\u06a9\u062a\u0648\u0631.png\" data-id=\"761\" data-rel=\"iLightbox[gallery-rw-1]\" data-title=\"\u067e\u0627\u06cc\u0647 \u0641\u0646 \u062f\u06cc\u0631\u0627\u06cc\u0648 \u062a\u0631\u0627\u06a9\u062a\u0648\u0631\" data-caption=\"\">\n\t\t\t\t\t\tGallery\t\t\t\t\t<\/a>\n\t\t\t\t\t\t\t\t\t\t\t\t\t\t\n\t\t\t\t\n\t\t\t\t\t\t\t\t\t\t\t\t<h4 class=\"fusion-rollover-title\">\n\t\t\t\t\t<a class=\"fusion-rollover-title-link\" href=\"https:\/\/www.veco.com.tr\/tr\/portfolio-items\/traktor-fan-tahrikinin-taban\/?portfolioCats=13\">\n\t\t\t\t\t\tTrakt\u00f6r fan tahrikinin taban\t\t\t\t\t<\/a>\n\t\t\t\t<\/h4>\n\t\t\t\n\t\t\t\t\t\t\t\t\t\t\t\t\t\t<div class=\"fusion-rollover-categories\"><a href=\"https:\/\/www.veco.com.tr\/tr\/portfolio_category\/tarim-makineleri-ve-traktorlerin-parcalari\/\" rel=\"tag\">Tar\u0131m makineleri ve trakt\u00f6rlerin par\u00e7alar\u0131<\/a><\/div>\t\t\t\t\t\n\t\t\n\t\t\t\t<a class=\"fusion-link-wrapper\" href=\"https:\/\/www.veco.com.tr\/tr\/portfolio-items\/traktor-fan-tahrikinin-taban\/?portfolioCats=13\" aria-label=\"Trakt\u00f6r fan tahrikinin taban\"><\/a>\n\t<\/div>\n<\/div>\n\n\t\n<\/div>\n<div class=\"fusion-portfolio-content\" style=\"background-color:rgba(255,255,255,0);\"><h2 class=\"entry-title fusion-post-title\"><a href=\"https:\/\/www.veco.com.tr\/tr\/portfolio-items\/traktor-fan-tahrikinin-taban\/?portfolioCats=13\">Trakt\u00f6r fan tahrikinin taban<\/a><\/h2><div class=\"fusion-post-content\"><\/div><\/div><\/div><\/article><article id=\"portfolio-1-post-758\" class=\"fusion-portfolio-post tarim-makineleri-ve-traktorlerin-parcalari fusion-col-spacing post-758\"><div class=\"fusion-portfolio-content-wrapper\" style=\"border:1px solid #f2f3f5;border-bottom-width:3px;background-color:rgba(255,255,255,0);\"><span class=\"vcard rich-snippet-hidden\"><span class=\"fn\"><a href=\"https:\/\/www.veco.com.tr\/tr\/author\/sahandazarin\/\" title=\"Posts by sahandazarin\" rel=\"author\">sahandazarin<\/a><\/span><\/span><span class=\"updated rich-snippet-hidden\">2021-10-19T11:49:28+00:00<\/span>\n\n<div  class=\"fusion-image-wrapper\" aria-haspopup=\"true\">\n\t\n\t\n\t\t\n\t\t\t\t\t<img width=\"500\" height=\"500\" src=\"https:\/\/www.veco.com.tr\/tr\/wp-content\/uploads\/2020\/09\/\u0645\u06cc\u0644-\u0628\u0627\u062f\u0627\u0645\u06a9-\u062a\u0631\u0627\u06a9\u062a\u0648\u0631.png\" class=\"attachment-full size-full wp-post-image\" alt=\"\" loading=\"lazy\" srcset=\"https:\/\/www.veco.com.tr\/tr\/wp-content\/uploads\/2020\/09\/\u0645\u06cc\u0644-\u0628\u0627\u062f\u0627\u0645\u06a9-\u062a\u0631\u0627\u06a9\u062a\u0648\u0631-200x200.png 200w, https:\/\/www.veco.com.tr\/tr\/wp-content\/uploads\/2020\/09\/\u0645\u06cc\u0644-\u0628\u0627\u062f\u0627\u0645\u06a9-\u062a\u0631\u0627\u06a9\u062a\u0648\u0631-400x400.png 400w, https:\/\/www.veco.com.tr\/tr\/wp-content\/uploads\/2020\/09\/\u0645\u06cc\u0644-\u0628\u0627\u062f\u0627\u0645\u06a9-\u062a\u0631\u0627\u06a9\u062a\u0648\u0631.png 500w\" sizes=\"(min-width: 2200px) 100vw, (min-width: 856px) 315px, (min-width: 784px) 420px, (min-width: 712px) 630px, (min-width: 640px) 712px, \" \/>\n\t\n\n\t\t<div class=\"fusion-rollover\">\n\t<div class=\"fusion-rollover-content\">\n\n\t\t\t\t\t\t\t\t\t\t\t\t\t\t<a class=\"fusion-rollover-link\" href=\"https:\/\/www.veco.com.tr\/tr\/portfolio-items\/traktor-eksantrik-mili\/?portfolioCats=13\">Trakt\u00f6r eksantrik mili<\/a>\n\t\t\t\n\t\t\t\t\t\t\t\t\t\t\t\t\t\t\n\t\t\t\t\t\t\t\t\n\t\t\t\t\t\t\t\t\t\t\t\t\t<div class=\"fusion-rollover-sep\"><\/div>\n\t\t\t\t\n\t\t\t\t\t\t\t\t\t\t\t\t\t\t\t\t\t\t<a class=\"fusion-rollover-gallery\" href=\"https:\/\/www.veco.com.tr\/tr\/wp-content\/uploads\/2020\/09\/\u0645\u06cc\u0644-\u0628\u0627\u062f\u0627\u0645\u06a9-\u062a\u0631\u0627\u06a9\u062a\u0648\u0631.png\" data-id=\"758\" data-rel=\"iLightbox[gallery-rw-1]\" data-title=\"\u0645\u06cc\u0644 \u0628\u0627\u062f\u0627\u0645\u06a9 \u062a\u0631\u0627\u06a9\u062a\u0648\u0631\" data-caption=\"\">\n\t\t\t\t\t\tGallery\t\t\t\t\t<\/a>\n\t\t\t\t\t\t\t\t\t\t\t\t\t\t\n\t\t\t\t\n\t\t\t\t\t\t\t\t\t\t\t\t<h4 class=\"fusion-rollover-title\">\n\t\t\t\t\t<a class=\"fusion-rollover-title-link\" href=\"https:\/\/www.veco.com.tr\/tr\/portfolio-items\/traktor-eksantrik-mili\/?portfolioCats=13\">\n\t\t\t\t\t\tTrakt\u00f6r eksantrik mili\t\t\t\t\t<\/a>\n\t\t\t\t<\/h4>\n\t\t\t\n\t\t\t\t\t\t\t\t\t\t\t\t\t\t<div class=\"fusion-rollover-categories\"><a href=\"https:\/\/www.veco.com.tr\/tr\/portfolio_category\/tarim-makineleri-ve-traktorlerin-parcalari\/\" rel=\"tag\">Tar\u0131m makineleri ve trakt\u00f6rlerin par\u00e7alar\u0131<\/a><\/div>\t\t\t\t\t\n\t\t\n\t\t\t\t<a class=\"fusion-link-wrapper\" href=\"https:\/\/www.veco.com.tr\/tr\/portfolio-items\/traktor-eksantrik-mili\/?portfolioCats=13\" aria-label=\"Trakt\u00f6r eksantrik mili\"><\/a>\n\t<\/div>\n<\/div>\n\n\t\n<\/div>\n<div class=\"fusion-portfolio-content\" style=\"background-color:rgba(255,255,255,0);\"><h2 class=\"entry-title fusion-post-title\"><a href=\"https:\/\/www.veco.com.tr\/tr\/portfolio-items\/traktor-eksantrik-mili\/?portfolioCats=13\">Trakt\u00f6r eksantrik mili<\/a><\/h2><div class=\"fusion-post-content\"><\/div><\/div><\/div><\/article><article id=\"portfolio-1-post-616\" class=\"fusion-portfolio-post tarim-makineleri-ve-traktorlerin-parcalari fusion-col-spacing post-616\"><div class=\"fusion-portfolio-content-wrapper\" style=\"border:1px solid #f2f3f5;border-bottom-width:3px;background-color:rgba(255,255,255,0);\"><span class=\"vcard rich-snippet-hidden\"><span class=\"fn\"><a href=\"https:\/\/www.veco.com.tr\/tr\/author\/sahandazarin\/\" title=\"Posts by sahandazarin\" rel=\"author\">sahandazarin<\/a><\/span><\/span><span class=\"updated rich-snippet-hidden\">2021-10-19T11:46:29+00:00<\/span>\n\n<div  class=\"fusion-image-wrapper\" aria-haspopup=\"true\">\n\t\n\t\n\t\t\n\t\t\t\t\t<img width=\"500\" height=\"500\" src=\"https:\/\/www.veco.com.tr\/tr\/wp-content\/uploads\/2020\/08\/\u0645\u062d\u0641\u0638\u0647-\u06cc-\u0622\u0628-\u062a\u0631\u0627\u06a9\u062a\u0648\u0631.png\" class=\"attachment-full size-full wp-post-image\" alt=\"\" loading=\"lazy\" srcset=\"https:\/\/www.veco.com.tr\/tr\/wp-content\/uploads\/2020\/08\/\u0645\u062d\u0641\u0638\u0647-\u06cc-\u0622\u0628-\u062a\u0631\u0627\u06a9\u062a\u0648\u0631-200x200.png 200w, https:\/\/www.veco.com.tr\/tr\/wp-content\/uploads\/2020\/08\/\u0645\u062d\u0641\u0638\u0647-\u06cc-\u0622\u0628-\u062a\u0631\u0627\u06a9\u062a\u0648\u0631-400x400.png 400w, https:\/\/www.veco.com.tr\/tr\/wp-content\/uploads\/2020\/08\/\u0645\u062d\u0641\u0638\u0647-\u06cc-\u0622\u0628-\u062a\u0631\u0627\u06a9\u062a\u0648\u0631.png 500w\" sizes=\"(min-width: 2200px) 100vw, (min-width: 856px) 315px, (min-width: 784px) 420px, (min-width: 712px) 630px, (min-width: 640px) 712px, \" \/>\n\t\n\n\t\t<div class=\"fusion-rollover\">\n\t<div class=\"fusion-rollover-content\">\n\n\t\t\t\t\t\t\t\t\t\t\t\t\t\t<a class=\"fusion-rollover-link\" href=\"https:\/\/www.veco.com.tr\/tr\/portfolio-items\/traktor-su-deposu\/?portfolioCats=13\">Trakt\u00f6r su deposu<\/a>\n\t\t\t\n\t\t\t\t\t\t\t\t\t\t\t\t\t\t\n\t\t\t\t\t\t\t\t\n\t\t\t\t\t\t\t\t\t\t\t\t\t<div class=\"fusion-rollover-sep\"><\/div>\n\t\t\t\t\n\t\t\t\t\t\t\t\t\t\t\t\t\t\t\t\t\t\t<a class=\"fusion-rollover-gallery\" href=\"https:\/\/www.veco.com.tr\/tr\/wp-content\/uploads\/2020\/08\/\u0645\u062d\u0641\u0638\u0647-\u06cc-\u0622\u0628-\u062a\u0631\u0627\u06a9\u062a\u0648\u0631.png\" data-id=\"616\" data-rel=\"iLightbox[gallery-rw-1]\" data-title=\"\u0645\u062d\u0641\u0638\u0647 \u06cc \u0622\u0628 \u062a\u0631\u0627\u06a9\u062a\u0648\u0631\" data-caption=\"\">\n\t\t\t\t\t\tGallery\t\t\t\t\t<\/a>\n\t\t\t\t\t\t\t\t\t\t\t\t\t\t\n\t\t\t\t\n\t\t\t\t\t\t\t\t\t\t\t\t<h4 class=\"fusion-rollover-title\">\n\t\t\t\t\t<a class=\"fusion-rollover-title-link\" href=\"https:\/\/www.veco.com.tr\/tr\/portfolio-items\/traktor-su-deposu\/?portfolioCats=13\">\n\t\t\t\t\t\tTrakt\u00f6r su deposu\t\t\t\t\t<\/a>\n\t\t\t\t<\/h4>\n\t\t\t\n\t\t\t\t\t\t\t\t\t\t\t\t\t\t<div class=\"fusion-rollover-categories\"><a href=\"https:\/\/www.veco.com.tr\/tr\/portfolio_category\/tarim-makineleri-ve-traktorlerin-parcalari\/\" rel=\"tag\">Tar\u0131m makineleri ve trakt\u00f6rlerin par\u00e7alar\u0131<\/a><\/div>\t\t\t\t\t\n\t\t\n\t\t\t\t<a class=\"fusion-link-wrapper\" href=\"https:\/\/www.veco.com.tr\/tr\/portfolio-items\/traktor-su-deposu\/?portfolioCats=13\" aria-label=\"Trakt\u00f6r su deposu\"><\/a>\n\t<\/div>\n<\/div>\n\n\t\n<\/div>\n<div class=\"fusion-portfolio-content\" style=\"background-color:rgba(255,255,255,0);\"><h2 class=\"entry-title fusion-post-title\"><a href=\"https:\/\/www.veco.com.tr\/tr\/portfolio-items\/traktor-su-deposu\/?portfolioCats=13\">Trakt\u00f6r su deposu<\/a><\/h2><div class=\"fusion-post-content\"><\/div><\/div><\/div><\/article><article id=\"portfolio-1-post-604\" class=\"fusion-portfolio-post tarim-makineleri-ve-traktorlerin-parcalari fusion-col-spacing post-604\"><div class=\"fusion-portfolio-content-wrapper\" style=\"border:1px solid #f2f3f5;border-bottom-width:3px;background-color:rgba(255,255,255,0);\"><span class=\"vcard rich-snippet-hidden\"><span class=\"fn\"><a href=\"https:\/\/www.veco.com.tr\/tr\/author\/sahandazarin\/\" title=\"Posts by sahandazarin\" rel=\"author\">sahandazarin<\/a><\/span><\/span><span class=\"updated rich-snippet-hidden\">2021-10-19T11:42:33+00:00<\/span>\n\n<div  class=\"fusion-image-wrapper\" aria-haspopup=\"true\">\n\t\n\t\n\t\t\n\t\t\t\t\t<img width=\"500\" height=\"500\" src=\"https:\/\/www.veco.com.tr\/tr\/wp-content\/uploads\/2020\/08\/\u0645\u0646\u06cc\u0641\u0648\u0644\u062f3-6-60.png\" class=\"attachment-full size-full wp-post-image\" alt=\"\" loading=\"lazy\" srcset=\"https:\/\/www.veco.com.tr\/tr\/wp-content\/uploads\/2020\/08\/\u0645\u0646\u06cc\u0641\u0648\u0644\u062f3-6-60-200x200.png 200w, https:\/\/www.veco.com.tr\/tr\/wp-content\/uploads\/2020\/08\/\u0645\u0646\u06cc\u0641\u0648\u0644\u062f3-6-60-400x400.png 400w, https:\/\/www.veco.com.tr\/tr\/wp-content\/uploads\/2020\/08\/\u0645\u0646\u06cc\u0641\u0648\u0644\u062f3-6-60.png 500w\" sizes=\"(min-width: 2200px) 100vw, (min-width: 856px) 315px, (min-width: 784px) 420px, (min-width: 712px) 630px, (min-width: 640px) 712px, \" \/>\n\t\n\n\t\t<div class=\"fusion-rollover\">\n\t<div class=\"fusion-rollover-content\">\n\n\t\t\t\t\t\t\t\t\t\t\t\t\t\t<a class=\"fusion-rollover-link\" href=\"https:\/\/www.veco.com.tr\/tr\/portfolio-items\/manifold6-60\/?portfolioCats=13\">manifold6-60<\/a>\n\t\t\t\n\t\t\t\t\t\t\t\t\t\t\t\t\t\t\n\t\t\t\t\t\t\t\t\n\t\t\t\t\t\t\t\t\t\t\t\t\t<div class=\"fusion-rollover-sep\"><\/div>\n\t\t\t\t\n\t\t\t\t\t\t\t\t\t\t\t\t\t\t\t\t\t\t<a class=\"fusion-rollover-gallery\" href=\"https:\/\/www.veco.com.tr\/tr\/wp-content\/uploads\/2020\/08\/\u0645\u0646\u06cc\u0641\u0648\u0644\u062f3-6-60.png\" data-id=\"604\" data-rel=\"iLightbox[gallery-rw-1]\" data-title=\"\u0645\u0646\u06cc\u0641\u0648\u0644\u062f3 6-60\" data-caption=\"\">\n\t\t\t\t\t\tGallery\t\t\t\t\t<\/a>\n\t\t\t\t\t\t\t\t\t\t\t\t\t\t\n\t\t\t\t\n\t\t\t\t\t\t\t\t\t\t\t\t<h4 class=\"fusion-rollover-title\">\n\t\t\t\t\t<a class=\"fusion-rollover-title-link\" href=\"https:\/\/www.veco.com.tr\/tr\/portfolio-items\/manifold6-60\/?portfolioCats=13\">\n\t\t\t\t\t\tmanifold6-60\t\t\t\t\t<\/a>\n\t\t\t\t<\/h4>\n\t\t\t\n\t\t\t\t\t\t\t\t\t\t\t\t\t\t<div class=\"fusion-rollover-categories\"><a href=\"https:\/\/www.veco.com.tr\/tr\/portfolio_category\/tarim-makineleri-ve-traktorlerin-parcalari\/\" rel=\"tag\">Tar\u0131m makineleri ve trakt\u00f6rlerin par\u00e7alar\u0131<\/a><\/div>\t\t\t\t\t\n\t\t\n\t\t\t\t<a class=\"fusion-link-wrapper\" href=\"https:\/\/www.veco.com.tr\/tr\/portfolio-items\/manifold6-60\/?portfolioCats=13\" aria-label=\"manifold6-60\"><\/a>\n\t<\/div>\n<\/div>\n\n\t\n<\/div>\n<div class=\"fusion-portfolio-content\" style=\"background-color:rgba(255,255,255,0);\"><h2 class=\"entry-title fusion-post-title\"><a href=\"https:\/\/www.veco.com.tr\/tr\/portfolio-items\/manifold6-60\/?portfolioCats=13\">manifold6-60<\/a><\/h2><div class=\"fusion-post-content\"><\/div><\/div><\/div><\/article><article id=\"portfolio-1-post-586\" class=\"fusion-portfolio-post tarim-makineleri-ve-traktorlerin-parcalari fusion-col-spacing post-586\"><div class=\"fusion-portfolio-content-wrapper\" style=\"border:1px solid #f2f3f5;border-bottom-width:3px;background-color:rgba(255,255,255,0);\"><span class=\"vcard rich-snippet-hidden\"><span class=\"fn\"><a href=\"https:\/\/www.veco.com.tr\/tr\/author\/sahandazarin\/\" title=\"Posts by sahandazarin\" rel=\"author\">sahandazarin<\/a><\/span><\/span><span class=\"updated rich-snippet-hidden\">2021-10-19T11:51:34+00:00<\/span>\n\n<div  class=\"fusion-image-wrapper\" aria-haspopup=\"true\">\n\t\n\t\n\t\t\n\t\t\t\t\t<img width=\"500\" height=\"500\" src=\"https:\/\/www.veco.com.tr\/tr\/wp-content\/uploads\/2020\/08\/\u062e\u0631\u0648\u062c\u06cc-\u0622\u0628-\u062a\u0631\u0627\u06a9\u062a\u0648\u0631.png\" class=\"attachment-full size-full wp-post-image\" alt=\"\" loading=\"lazy\" srcset=\"https:\/\/www.veco.com.tr\/tr\/wp-content\/uploads\/2020\/08\/\u062e\u0631\u0648\u062c\u06cc-\u0622\u0628-\u062a\u0631\u0627\u06a9\u062a\u0648\u0631-200x200.png 200w, https:\/\/www.veco.com.tr\/tr\/wp-content\/uploads\/2020\/08\/\u062e\u0631\u0648\u062c\u06cc-\u0622\u0628-\u062a\u0631\u0627\u06a9\u062a\u0648\u0631-400x400.png 400w, https:\/\/www.veco.com.tr\/tr\/wp-content\/uploads\/2020\/08\/\u062e\u0631\u0648\u062c\u06cc-\u0622\u0628-\u062a\u0631\u0627\u06a9\u062a\u0648\u0631.png 500w\" sizes=\"(min-width: 2200px) 100vw, (min-width: 856px) 315px, (min-width: 784px) 420px, (min-width: 712px) 630px, (min-width: 640px) 712px, \" \/>\n\t\n\n\t\t<div class=\"fusion-rollover\">\n\t<div class=\"fusion-rollover-content\">\n\n\t\t\t\t\t\t\t\t\t\t\t\t\t\t<a class=\"fusion-rollover-link\" href=\"https:\/\/www.veco.com.tr\/tr\/portfolio-items\/traktor-su-cikisi\/?portfolioCats=13\">Trakt\u00f6r su \u00e7\u0131k\u0131\u015f\u0131<\/a>\n\t\t\t\n\t\t\t\t\t\t\t\t\t\t\t\t\t\t\n\t\t\t\t\t\t\t\t\n\t\t\t\t\t\t\t\t\t\t\t\t\t<div class=\"fusion-rollover-sep\"><\/div>\n\t\t\t\t\n\t\t\t\t\t\t\t\t\t\t\t\t\t\t\t\t\t\t<a class=\"fusion-rollover-gallery\" href=\"https:\/\/www.veco.com.tr\/tr\/wp-content\/uploads\/2020\/08\/\u062e\u0631\u0648\u062c\u06cc-\u0622\u0628-\u062a\u0631\u0627\u06a9\u062a\u0648\u0631.png\" data-id=\"586\" data-rel=\"iLightbox[gallery-rw-1]\" data-title=\"\u062e\u0631\u0648\u062c\u06cc \u0622\u0628 \u062a\u0631\u0627\u06a9\u062a\u0648\u0631\" data-caption=\"\">\n\t\t\t\t\t\tGallery\t\t\t\t\t<\/a>\n\t\t\t\t\t\t\t\t\t\t\t\t\t\t\n\t\t\t\t\n\t\t\t\t\t\t\t\t\t\t\t\t<h4 class=\"fusion-rollover-title\">\n\t\t\t\t\t<a class=\"fusion-rollover-title-link\" href=\"https:\/\/www.veco.com.tr\/tr\/portfolio-items\/traktor-su-cikisi\/?portfolioCats=13\">\n\t\t\t\t\t\tTrakt\u00f6r su \u00e7\u0131k\u0131\u015f\u0131\t\t\t\t\t<\/a>\n\t\t\t\t<\/h4>\n\t\t\t\n\t\t\t\t\t\t\t\t\t\t\t\t\t\t<div class=\"fusion-rollover-categories\"><a href=\"https:\/\/www.veco.com.tr\/tr\/portfolio_category\/tarim-makineleri-ve-traktorlerin-parcalari\/\" rel=\"tag\">Tar\u0131m makineleri ve trakt\u00f6rlerin par\u00e7alar\u0131<\/a><\/div>\t\t\t\t\t\n\t\t\n\t\t\t\t<a class=\"fusion-link-wrapper\" href=\"https:\/\/www.veco.com.tr\/tr\/portfolio-items\/traktor-su-cikisi\/?portfolioCats=13\" aria-label=\"Trakt\u00f6r su \u00e7\u0131k\u0131\u015f\u0131\"><\/a>\n\t<\/div>\n<\/div>\n\n\t\n<\/div>\n<div class=\"fusion-portfolio-content\" style=\"background-color:rgba(255,255,255,0);\"><h2 class=\"entry-title fusion-post-title\"><a href=\"https:\/\/www.veco.com.tr\/tr\/portfolio-items\/traktor-su-cikisi\/?portfolioCats=13\">Trakt\u00f6r su \u00e7\u0131k\u0131\u015f\u0131<\/a><\/h2><div class=\"fusion-post-content\"><\/div><\/div><\/div><\/article><article id=\"portfolio-1-post-456\" class=\"fusion-portfolio-post tarim-makineleri-ve-traktorlerin-parcalari fusion-col-spacing post-456\"><div class=\"fusion-portfolio-content-wrapper\" style=\"border:1px solid #f2f3f5;border-bottom-width:3px;background-color:rgba(255,255,255,0);\"><span class=\"vcard rich-snippet-hidden\"><span class=\"fn\"><a href=\"https:\/\/www.veco.com.tr\/tr\/author\/sahandazarin\/\" title=\"Posts by sahandazarin\" rel=\"author\">sahandazarin<\/a><\/span><\/span><span class=\"updated rich-snippet-hidden\">2021-10-19T11:53:30+00:00<\/span>\n\n<div  class=\"fusion-image-wrapper\" aria-haspopup=\"true\">\n\t\n\t\n\t\t\n\t\t\t\t\t<img width=\"500\" height=\"500\" src=\"https:\/\/www.veco.com.tr\/tr\/wp-content\/uploads\/2020\/08\/\u0645\u0646\u06cc\u0641\u0648\u0644\u062f-\u062f\u0648\u062f-6.60-\u062e\u0627\u0645.png\" class=\"attachment-full size-full wp-post-image\" alt=\"\" loading=\"lazy\" srcset=\"https:\/\/www.veco.com.tr\/tr\/wp-content\/uploads\/2020\/08\/\u0645\u0646\u06cc\u0641\u0648\u0644\u062f-\u062f\u0648\u062f-6.60-\u062e\u0627\u0645-200x200.png 200w, https:\/\/www.veco.com.tr\/tr\/wp-content\/uploads\/2020\/08\/\u0645\u0646\u06cc\u0641\u0648\u0644\u062f-\u062f\u0648\u062f-6.60-\u062e\u0627\u0645-400x400.png 400w, https:\/\/www.veco.com.tr\/tr\/wp-content\/uploads\/2020\/08\/\u0645\u0646\u06cc\u0641\u0648\u0644\u062f-\u062f\u0648\u062f-6.60-\u062e\u0627\u0645.png 500w\" sizes=\"(min-width: 2200px) 100vw, (min-width: 856px) 315px, (min-width: 784px) 420px, (min-width: 712px) 630px, (min-width: 640px) 712px, \" \/>\n\t\n\n\t\t<div class=\"fusion-rollover\">\n\t<div class=\"fusion-rollover-content\">\n\n\t\t\t\t\t\t\t\t\t\t\t\t\t\t<a class=\"fusion-rollover-link\" href=\"https:\/\/www.veco.com.tr\/tr\/portfolio-items\/manifold6-60-2\/?portfolioCats=13\">manifold6-60<\/a>\n\t\t\t\n\t\t\t\t\t\t\t\t\t\t\t\t\t\t\n\t\t\t\t\t\t\t\t\n\t\t\t\t\t\t\t\t\t\t\t\t\t<div class=\"fusion-rollover-sep\"><\/div>\n\t\t\t\t\n\t\t\t\t\t\t\t\t\t\t\t\t\t\t\t\t\t\t<a class=\"fusion-rollover-gallery\" href=\"https:\/\/www.veco.com.tr\/tr\/wp-content\/uploads\/2020\/08\/\u0645\u0646\u06cc\u0641\u0648\u0644\u062f-\u062f\u0648\u062f-6.60-\u062e\u0627\u0645.png\" data-id=\"456\" data-rel=\"iLightbox[gallery-rw-1]\" data-title=\"\u0645\u0646\u06cc\u0641\u0648\u0644\u062f \u062f\u0648\u062f 6.60 \u062e\u0627\u0645\" data-caption=\"\">\n\t\t\t\t\t\tGallery\t\t\t\t\t<\/a>\n\t\t\t\t\t\t\t\t\t\t\t\t\t\t\n\t\t\t\t\n\t\t\t\t\t\t\t\t\t\t\t\t<h4 class=\"fusion-rollover-title\">\n\t\t\t\t\t<a class=\"fusion-rollover-title-link\" href=\"https:\/\/www.veco.com.tr\/tr\/portfolio-items\/manifold6-60-2\/?portfolioCats=13\">\n\t\t\t\t\t\tmanifold6-60\t\t\t\t\t<\/a>\n\t\t\t\t<\/h4>\n\t\t\t\n\t\t\t\t\t\t\t\t\t\t\t\t\t\t<div class=\"fusion-rollover-categories\"><a href=\"https:\/\/www.veco.com.tr\/tr\/portfolio_category\/tarim-makineleri-ve-traktorlerin-parcalari\/\" rel=\"tag\">Tar\u0131m makineleri ve trakt\u00f6rlerin par\u00e7alar\u0131<\/a><\/div>\t\t\t\t\t\n\t\t\n\t\t\t\t<a class=\"fusion-link-wrapper\" href=\"https:\/\/www.veco.com.tr\/tr\/portfolio-items\/manifold6-60-2\/?portfolioCats=13\" aria-label=\"manifold6-60\"><\/a>\n\t<\/div>\n<\/div>\n\n\t\n<\/div>\n<div class=\"fusion-portfolio-content\" style=\"background-color:rgba(255,255,255,0);\"><h2 class=\"entry-title fusion-post-title\"><a href=\"https:\/\/www.veco.com.tr\/tr\/portfolio-items\/manifold6-60-2\/?portfolioCats=13\">manifold6-60<\/a><\/h2><div class=\"fusion-post-content\"><\/div><\/div><\/div><\/article><article id=\"portfolio-1-post-442\" class=\"fusion-portfolio-post tarim-makineleri-ve-traktorlerin-parcalari fusion-col-spacing post-442\"><div class=\"fusion-portfolio-content-wrapper\" style=\"border:1px solid #f2f3f5;border-bottom-width:3px;background-color:rgba(255,255,255,0);\"><span class=\"vcard rich-snippet-hidden\"><span class=\"fn\"><a href=\"https:\/\/www.veco.com.tr\/tr\/author\/sahandazarin\/\" title=\"Posts by sahandazarin\" rel=\"author\">sahandazarin<\/a><\/span><\/span><span class=\"updated rich-snippet-hidden\">2021-10-19T11:54:45+00:00<\/span>\n\n<div  class=\"fusion-image-wrapper\" aria-haspopup=\"true\">\n\t\n\t\n\t\t\n\t\t\t\t\t<img width=\"500\" height=\"500\" src=\"https:\/\/www.veco.com.tr\/tr\/wp-content\/uploads\/2020\/08\/\u06a9\u0627\u0648\u0631-\u0628\u0627\u0644\u0627\u06cc\u06cc-\u062a\u0631\u0627\u06a9\u062a\u0648\u0631-\u0633\u0646\u06af\u06cc\u0646.png\" class=\"attachment-full size-full wp-post-image\" alt=\"\" loading=\"lazy\" srcset=\"https:\/\/www.veco.com.tr\/tr\/wp-content\/uploads\/2020\/08\/\u06a9\u0627\u0648\u0631-\u0628\u0627\u0644\u0627\u06cc\u06cc-\u062a\u0631\u0627\u06a9\u062a\u0648\u0631-\u0633\u0646\u06af\u06cc\u0646-200x200.png 200w, https:\/\/www.veco.com.tr\/tr\/wp-content\/uploads\/2020\/08\/\u06a9\u0627\u0648\u0631-\u0628\u0627\u0644\u0627\u06cc\u06cc-\u062a\u0631\u0627\u06a9\u062a\u0648\u0631-\u0633\u0646\u06af\u06cc\u0646-400x400.png 400w, https:\/\/www.veco.com.tr\/tr\/wp-content\/uploads\/2020\/08\/\u06a9\u0627\u0648\u0631-\u0628\u0627\u0644\u0627\u06cc\u06cc-\u062a\u0631\u0627\u06a9\u062a\u0648\u0631-\u0633\u0646\u06af\u06cc\u0646.png 500w\" sizes=\"(min-width: 2200px) 100vw, (min-width: 856px) 315px, (min-width: 784px) 420px, (min-width: 712px) 630px, (min-width: 640px) 712px, \" \/>\n\t\n\n\t\t<div class=\"fusion-rollover\">\n\t<div class=\"fusion-rollover-content\">\n\n\t\t\t\t\t\t\t\t\t\t\t\t\t\t<a class=\"fusion-rollover-link\" href=\"https:\/\/www.veco.com.tr\/tr\/portfolio-items\/top-cover-of-the-heavy-tractor\/?portfolioCats=13\">Trakt\u00f6r\u00fcn \u00fcst kapa\u011f\u0131<\/a>\n\t\t\t\n\t\t\t\t\t\t\t\t\t\t\t\t\t\t\n\t\t\t\t\t\t\t\t\n\t\t\t\t\t\t\t\t\t\t\t\t\t<div class=\"fusion-rollover-sep\"><\/div>\n\t\t\t\t\n\t\t\t\t\t\t\t\t\t\t\t\t\t\t\t\t\t\t<a class=\"fusion-rollover-gallery\" href=\"https:\/\/www.veco.com.tr\/tr\/wp-content\/uploads\/2020\/08\/\u06a9\u0627\u0648\u0631-\u0628\u0627\u0644\u0627\u06cc\u06cc-\u062a\u0631\u0627\u06a9\u062a\u0648\u0631-\u0633\u0646\u06af\u06cc\u0646.png\" data-id=\"442\" data-rel=\"iLightbox[gallery-rw-1]\" data-title=\"\u06a9\u0627\u0648\u0631 \u0628\u0627\u0644\u0627\u06cc\u06cc \u062a\u0631\u0627\u06a9\u062a\u0648\u0631 \u0633\u0646\u06af\u06cc\u0646\" data-caption=\"\">\n\t\t\t\t\t\tGallery\t\t\t\t\t<\/a>\n\t\t\t\t\t\t\t\t\t\t\t\t\t\t\n\t\t\t\t\n\t\t\t\t\t\t\t\t\t\t\t\t<h4 class=\"fusion-rollover-title\">\n\t\t\t\t\t<a class=\"fusion-rollover-title-link\" href=\"https:\/\/www.veco.com.tr\/tr\/portfolio-items\/top-cover-of-the-heavy-tractor\/?portfolioCats=13\">\n\t\t\t\t\t\tTrakt\u00f6r\u00fcn \u00fcst kapa\u011f\u0131\t\t\t\t\t<\/a>\n\t\t\t\t<\/h4>\n\t\t\t\n\t\t\t\t\t\t\t\t\t\t\t\t\t\t<div class=\"fusion-rollover-categories\"><a href=\"https:\/\/www.veco.com.tr\/tr\/portfolio_category\/tarim-makineleri-ve-traktorlerin-parcalari\/\" rel=\"tag\">Tar\u0131m makineleri ve trakt\u00f6rlerin par\u00e7alar\u0131<\/a><\/div>\t\t\t\t\t\n\t\t\n\t\t\t\t<a class=\"fusion-link-wrapper\" href=\"https:\/\/www.veco.com.tr\/tr\/portfolio-items\/top-cover-of-the-heavy-tractor\/?portfolioCats=13\" aria-label=\"Trakt\u00f6r\u00fcn \u00fcst kapa\u011f\u0131\"><\/a>\n\t<\/div>\n<\/div>\n\n\t\n<\/div>\n<div class=\"fusion-portfolio-content\" style=\"background-color:rgba(255,255,255,0);\"><h2 class=\"entry-title fusion-post-title\"><a href=\"https:\/\/www.veco.com.tr\/tr\/portfolio-items\/top-cover-of-the-heavy-tractor\/?portfolioCats=13\">Trakt\u00f6r\u00fcn \u00fcst kapa\u011f\u0131<\/a><\/h2><div class=\"fusion-post-content\"><\/div><\/div><\/div><\/article><article id=\"portfolio-1-post-436\" class=\"fusion-portfolio-post tarim-makineleri-ve-traktorlerin-parcalari fusion-col-spacing post-436\"><div class=\"fusion-portfolio-content-wrapper\" style=\"border:1px solid #f2f3f5;border-bottom-width:3px;background-color:rgba(255,255,255,0);\"><span class=\"vcard rich-snippet-hidden\"><span class=\"fn\"><a href=\"https:\/\/www.veco.com.tr\/tr\/author\/sahandazarin\/\" title=\"Posts by sahandazarin\" rel=\"author\">sahandazarin<\/a><\/span><\/span><span class=\"updated rich-snippet-hidden\">2021-10-19T11:56:03+00:00<\/span>\n\n<div  class=\"fusion-image-wrapper\" aria-haspopup=\"true\">\n\t\n\t\n\t\t\n\t\t\t\t\t<img width=\"500\" height=\"500\" src=\"https:\/\/www.veco.com.tr\/tr\/wp-content\/uploads\/2020\/08\/\u06a9\u0627\u0631\u062a\u0631.png\" class=\"attachment-full size-full wp-post-image\" alt=\"\" loading=\"lazy\" srcset=\"https:\/\/www.veco.com.tr\/tr\/wp-content\/uploads\/2020\/08\/\u06a9\u0627\u0631\u062a\u0631-200x200.png 200w, https:\/\/www.veco.com.tr\/tr\/wp-content\/uploads\/2020\/08\/\u06a9\u0627\u0631\u062a\u0631-400x400.png 400w, https:\/\/www.veco.com.tr\/tr\/wp-content\/uploads\/2020\/08\/\u06a9\u0627\u0631\u062a\u0631.png 500w\" sizes=\"(min-width: 2200px) 100vw, (min-width: 856px) 315px, (min-width: 784px) 420px, (min-width: 712px) 630px, (min-width: 640px) 712px, \" \/>\n\t\n\n\t\t<div class=\"fusion-rollover\">\n\t<div class=\"fusion-rollover-content\">\n\n\t\t\t\t\t\t\t\t\t\t\t\t\t\t<a class=\"fusion-rollover-link\" href=\"https:\/\/www.veco.com.tr\/tr\/portfolio-items\/carter\/?portfolioCats=13\">Carter<\/a>\n\t\t\t\n\t\t\t\t\t\t\t\t\t\t\t\t\t\t\n\t\t\t\t\t\t\t\t\n\t\t\t\t\t\t\t\t\t\t\t\t\t<div class=\"fusion-rollover-sep\"><\/div>\n\t\t\t\t\n\t\t\t\t\t\t\t\t\t\t\t\t\t\t\t\t\t\t<a class=\"fusion-rollover-gallery\" href=\"https:\/\/www.veco.com.tr\/tr\/wp-content\/uploads\/2020\/08\/\u06a9\u0627\u0631\u062a\u0631.png\" data-id=\"436\" data-rel=\"iLightbox[gallery-rw-1]\" data-title=\"\u06a9\u0627\u0631\u062a\u0631\" data-caption=\"\">\n\t\t\t\t\t\tGallery\t\t\t\t\t<\/a>\n\t\t\t\t\t\t\t\t\t\t\t\t\t\t\n\t\t\t\t\n\t\t\t\t\t\t\t\t\t\t\t\t<h4 class=\"fusion-rollover-title\">\n\t\t\t\t\t<a class=\"fusion-rollover-title-link\" href=\"https:\/\/www.veco.com.tr\/tr\/portfolio-items\/carter\/?portfolioCats=13\">\n\t\t\t\t\t\tCarter\t\t\t\t\t<\/a>\n\t\t\t\t<\/h4>\n\t\t\t\n\t\t\t\t\t\t\t\t\t\t\t\t\t\t<div class=\"fusion-rollover-categories\"><a href=\"https:\/\/www.veco.com.tr\/tr\/portfolio_category\/tarim-makineleri-ve-traktorlerin-parcalari\/\" rel=\"tag\">Tar\u0131m makineleri ve trakt\u00f6rlerin par\u00e7alar\u0131<\/a><\/div>\t\t\t\t\t\n\t\t\n\t\t\t\t<a class=\"fusion-link-wrapper\" href=\"https:\/\/www.veco.com.tr\/tr\/portfolio-items\/carter\/?portfolioCats=13\" aria-label=\"Carter\"><\/a>\n\t<\/div>\n<\/div>\n\n\t\n<\/div>\n<div class=\"fusion-portfolio-content\" style=\"background-color:rgba(255,255,255,0);\"><h2 class=\"entry-title fusion-post-title\"><a href=\"https:\/\/www.veco.com.tr\/tr\/portfolio-items\/carter\/?portfolioCats=13\">Carter<\/a><\/h2><div class=\"fusion-post-content\"><\/div><\/div><\/div><\/article><article id=\"portfolio-1-post-429\" class=\"fusion-portfolio-post tarim-makineleri-ve-traktorlerin-parcalari fusion-col-spacing post-429\"><div class=\"fusion-portfolio-content-wrapper\" style=\"border:1px solid #f2f3f5;border-bottom-width:3px;background-color:rgba(255,255,255,0);\"><span class=\"vcard rich-snippet-hidden\"><span class=\"fn\"><a href=\"https:\/\/www.veco.com.tr\/tr\/author\/sahandazarin\/\" title=\"Posts by sahandazarin\" rel=\"author\">sahandazarin<\/a><\/span><\/span><span class=\"updated rich-snippet-hidden\">2021-10-19T12:01:06+00:00<\/span>\n\n<div  class=\"fusion-image-wrapper\" aria-haspopup=\"true\">\n\t\n\t\n\t\t\n\t\t\t\t\t<img width=\"500\" height=\"500\" src=\"https:\/\/www.veco.com.tr\/tr\/wp-content\/uploads\/2020\/08\/\u0633\u0644\u06a9\u062a\u0648\u0631-\u0648\u0644\u0648.png\" class=\"attachment-full size-full wp-post-image\" alt=\"\" loading=\"lazy\" srcset=\"https:\/\/www.veco.com.tr\/tr\/wp-content\/uploads\/2020\/08\/\u0633\u0644\u06a9\u062a\u0648\u0631-\u0648\u0644\u0648-200x200.png 200w, https:\/\/www.veco.com.tr\/tr\/wp-content\/uploads\/2020\/08\/\u0633\u0644\u06a9\u062a\u0648\u0631-\u0648\u0644\u0648-400x400.png 400w, https:\/\/www.veco.com.tr\/tr\/wp-content\/uploads\/2020\/08\/\u0633\u0644\u06a9\u062a\u0648\u0631-\u0648\u0644\u0648.png 500w\" sizes=\"(min-width: 2200px) 100vw, (min-width: 856px) 315px, (min-width: 784px) 420px, (min-width: 712px) 630px, (min-width: 640px) 712px, \" \/>\n\t\n\n\t\t<div class=\"fusion-rollover\">\n\t<div class=\"fusion-rollover-content\">\n\n\t\t\t\t\t\t\t\t\t\t\t\t\t\t<a class=\"fusion-rollover-link\" href=\"https:\/\/www.veco.com.tr\/tr\/portfolio-items\/valve-selector\/?portfolioCats=13\">Valve selector<\/a>\n\t\t\t\n\t\t\t\t\t\t\t\t\t\t\t\t\t\t\n\t\t\t\t\t\t\t\t\n\t\t\t\t\t\t\t\t\t\t\t\t\t<div class=\"fusion-rollover-sep\"><\/div>\n\t\t\t\t\n\t\t\t\t\t\t\t\t\t\t\t\t\t\t\t\t\t\t<a class=\"fusion-rollover-gallery\" href=\"https:\/\/www.veco.com.tr\/tr\/wp-content\/uploads\/2020\/08\/\u0633\u0644\u06a9\u062a\u0648\u0631-\u0648\u0644\u0648.png\" data-id=\"429\" data-rel=\"iLightbox[gallery-rw-1]\" data-title=\"\u0633\u0644\u06a9\u062a\u0648\u0631 \u0648\u0644\u0648\" data-caption=\"\">\n\t\t\t\t\t\tGallery\t\t\t\t\t<\/a>\n\t\t\t\t\t\t\t\t\t\t\t\t\t\t\n\t\t\t\t\n\t\t\t\t\t\t\t\t\t\t\t\t<h4 class=\"fusion-rollover-title\">\n\t\t\t\t\t<a class=\"fusion-rollover-title-link\" href=\"https:\/\/www.veco.com.tr\/tr\/portfolio-items\/valve-selector\/?portfolioCats=13\">\n\t\t\t\t\t\tValve selector\t\t\t\t\t<\/a>\n\t\t\t\t<\/h4>\n\t\t\t\n\t\t\t\t\t\t\t\t\t\t\t\t\t\t<div class=\"fusion-rollover-categories\"><a href=\"https:\/\/www.veco.com.tr\/tr\/portfolio_category\/tarim-makineleri-ve-traktorlerin-parcalari\/\" rel=\"tag\">Tar\u0131m makineleri ve trakt\u00f6rlerin par\u00e7alar\u0131<\/a><\/div>\t\t\t\t\t\n\t\t\n\t\t\t\t<a class=\"fusion-link-wrapper\" href=\"https:\/\/www.veco.com.tr\/tr\/portfolio-items\/valve-selector\/?portfolioCats=13\" aria-label=\"Valve selector\"><\/a>\n\t<\/div>\n<\/div>\n\n\t\n<\/div>\n<div class=\"fusion-portfolio-content\" style=\"background-color:rgba(255,255,255,0);\"><h2 class=\"entry-title fusion-post-title\"><a href=\"https:\/\/www.veco.com.tr\/tr\/portfolio-items\/valve-selector\/?portfolioCats=13\">Valve selector<\/a><\/h2><div class=\"fusion-post-content\"><\/div><\/div><\/div><\/article><article id=\"portfolio-1-post-426\" class=\"fusion-portfolio-post tarim-makineleri-ve-traktorlerin-parcalari fusion-col-spacing post-426\"><div class=\"fusion-portfolio-content-wrapper\" style=\"border:1px solid #f2f3f5;border-bottom-width:3px;background-color:rgba(255,255,255,0);\"><span class=\"vcard rich-snippet-hidden\"><span class=\"fn\"><a href=\"https:\/\/www.veco.com.tr\/tr\/author\/sahandazarin\/\" title=\"Posts by sahandazarin\" rel=\"author\">sahandazarin<\/a><\/span><\/span><span class=\"updated rich-snippet-hidden\">2021-10-19T12:00:31+00:00<\/span>\n\n<div  class=\"fusion-image-wrapper\" aria-haspopup=\"true\">\n\t\n\t\n\t\t\n\t\t\t\t\t<img width=\"500\" height=\"500\" src=\"https:\/\/www.veco.com.tr\/tr\/wp-content\/uploads\/2020\/08\/\u062f\u0631\u067e\u0648\u0634-\u0647\u06cc\u062f\u0631\u0648\u0644\u06cc\u06a9-IPTO.png\" class=\"attachment-full size-full wp-post-image\" alt=\"\" loading=\"lazy\" srcset=\"https:\/\/www.veco.com.tr\/tr\/wp-content\/uploads\/2020\/08\/\u062f\u0631\u067e\u0648\u0634-\u0647\u06cc\u062f\u0631\u0648\u0644\u06cc\u06a9-IPTO-200x200.png 200w, https:\/\/www.veco.com.tr\/tr\/wp-content\/uploads\/2020\/08\/\u062f\u0631\u067e\u0648\u0634-\u0647\u06cc\u062f\u0631\u0648\u0644\u06cc\u06a9-IPTO-400x400.png 400w, https:\/\/www.veco.com.tr\/tr\/wp-content\/uploads\/2020\/08\/\u062f\u0631\u067e\u0648\u0634-\u0647\u06cc\u062f\u0631\u0648\u0644\u06cc\u06a9-IPTO.png 500w\" sizes=\"(min-width: 2200px) 100vw, (min-width: 856px) 315px, (min-width: 784px) 420px, (min-width: 712px) 630px, (min-width: 640px) 712px, \" \/>\n\t\n\n\t\t<div class=\"fusion-rollover\">\n\t<div class=\"fusion-rollover-content\">\n\n\t\t\t\t\t\t\t\t\t\t\t\t\t\t<a class=\"fusion-rollover-link\" href=\"https:\/\/www.veco.com.tr\/tr\/portfolio-items\/pto-hidrolik-kapak\/?portfolioCats=13\">PTO hidrolik kapak<\/a>\n\t\t\t\n\t\t\t\t\t\t\t\t\t\t\t\t\t\t\n\t\t\t\t\t\t\t\t\n\t\t\t\t\t\t\t\t\t\t\t\t\t<div class=\"fusion-rollover-sep\"><\/div>\n\t\t\t\t\n\t\t\t\t\t\t\t\t\t\t\t\t\t\t\t\t\t\t<a class=\"fusion-rollover-gallery\" href=\"https:\/\/www.veco.com.tr\/tr\/wp-content\/uploads\/2020\/08\/\u062f\u0631\u067e\u0648\u0634-\u0647\u06cc\u062f\u0631\u0648\u0644\u06cc\u06a9-IPTO.png\" data-id=\"426\" data-rel=\"iLightbox[gallery-rw-1]\" data-title=\"\u062f\u0631\u067e\u0648\u0634 \u0647\u06cc\u062f\u0631\u0648\u0644\u06cc\u06a9 IPTO\" data-caption=\"\">\n\t\t\t\t\t\tGallery\t\t\t\t\t<\/a>\n\t\t\t\t\t\t\t\t\t\t\t\t\t\t\n\t\t\t\t\n\t\t\t\t\t\t\t\t\t\t\t\t<h4 class=\"fusion-rollover-title\">\n\t\t\t\t\t<a class=\"fusion-rollover-title-link\" href=\"https:\/\/www.veco.com.tr\/tr\/portfolio-items\/pto-hidrolik-kapak\/?portfolioCats=13\">\n\t\t\t\t\t\tPTO hidrolik kapak\t\t\t\t\t<\/a>\n\t\t\t\t<\/h4>\n\t\t\t\n\t\t\t\t\t\t\t\t\t\t\t\t\t\t<div class=\"fusion-rollover-categories\"><a href=\"https:\/\/www.veco.com.tr\/tr\/portfolio_category\/tarim-makineleri-ve-traktorlerin-parcalari\/\" rel=\"tag\">Tar\u0131m makineleri ve trakt\u00f6rlerin par\u00e7alar\u0131<\/a><\/div>\t\t\t\t\t\n\t\t\n\t\t\t\t<a class=\"fusion-link-wrapper\" href=\"https:\/\/www.veco.com.tr\/tr\/portfolio-items\/pto-hidrolik-kapak\/?portfolioCats=13\" aria-label=\"PTO hidrolik kapak\"><\/a>\n\t<\/div>\n<\/div>\n\n\t\n<\/div>\n<div class=\"fusion-portfolio-content\" style=\"background-color:rgba(255,255,255,0);\"><h2 class=\"entry-title fusion-post-title\"><a href=\"https:\/\/www.veco.com.tr\/tr\/portfolio-items\/pto-hidrolik-kapak\/?portfolioCats=13\">PTO hidrolik kapak<\/a><\/h2><div class=\"fusion-post-content\"><\/div><\/div><\/div><\/article><article id=\"portfolio-1-post-421\" class=\"fusion-portfolio-post tarim-makineleri-ve-traktorlerin-parcalari fusion-col-spacing post-421\"><div class=\"fusion-portfolio-content-wrapper\" style=\"border:1px solid #f2f3f5;border-bottom-width:3px;background-color:rgba(255,255,255,0);\"><span class=\"vcard rich-snippet-hidden\"><span class=\"fn\"><a href=\"https:\/\/www.veco.com.tr\/tr\/author\/sahandazarin\/\" title=\"Posts by sahandazarin\" rel=\"author\">sahandazarin<\/a><\/span><\/span><span class=\"updated rich-snippet-hidden\">2021-10-19T11:59:54+00:00<\/span>\n\n<div  class=\"fusion-image-wrapper\" aria-haspopup=\"true\">\n\t\n\t\n\t\t\n\t\t\t\t\t<img width=\"500\" height=\"500\" src=\"https:\/\/www.veco.com.tr\/tr\/wp-content\/uploads\/2020\/08\/\u067e\u0648\u0633\u062a\u0647-\u06a9\u0644\u0627\u0686-\u062e\u0627\u0631\u062c\u06cc-399-1.png\" class=\"attachment-full size-full wp-post-image\" alt=\"\" loading=\"lazy\" srcset=\"https:\/\/www.veco.com.tr\/tr\/wp-content\/uploads\/2020\/08\/\u067e\u0648\u0633\u062a\u0647-\u06a9\u0644\u0627\u0686-\u062e\u0627\u0631\u062c\u06cc-399-1-200x200.png 200w, https:\/\/www.veco.com.tr\/tr\/wp-content\/uploads\/2020\/08\/\u067e\u0648\u0633\u062a\u0647-\u06a9\u0644\u0627\u0686-\u062e\u0627\u0631\u062c\u06cc-399-1-400x400.png 400w, https:\/\/www.veco.com.tr\/tr\/wp-content\/uploads\/2020\/08\/\u067e\u0648\u0633\u062a\u0647-\u06a9\u0644\u0627\u0686-\u062e\u0627\u0631\u062c\u06cc-399-1.png 500w\" sizes=\"(min-width: 2200px) 100vw, (min-width: 856px) 315px, (min-width: 784px) 420px, (min-width: 712px) 630px, (min-width: 640px) 712px, \" \/>\n\t\n\n\t\t<div class=\"fusion-rollover\">\n\t<div class=\"fusion-rollover-content\">\n\n\t\t\t\t\t\t\t\t\t\t\t\t\t\t<a class=\"fusion-rollover-link\" href=\"https:\/\/www.veco.com.tr\/tr\/portfolio-items\/399-traktorun-dis-kavrama-kovani\/?portfolioCats=13\">399 Trakt\u00f6r\u00fcn d\u0131\u015f kavrama kovan\u0131<\/a>\n\t\t\t\n\t\t\t\t\t\t\t\t\t\t\t\t\t\t\n\t\t\t\t\t\t\t\t\n\t\t\t\t\t\t\t\t\t\t\t\t\t<div class=\"fusion-rollover-sep\"><\/div>\n\t\t\t\t\n\t\t\t\t\t\t\t\t\t\t\t\t\t\t\t\t\t\t<a class=\"fusion-rollover-gallery\" href=\"https:\/\/www.veco.com.tr\/tr\/wp-content\/uploads\/2020\/08\/\u067e\u0648\u0633\u062a\u0647-\u06a9\u0644\u0627\u0686-\u062e\u0627\u0631\u062c\u06cc-399-1.png\" data-id=\"421\" data-rel=\"iLightbox[gallery-rw-1]\" data-title=\"\u067e\u0648\u0633\u062a\u0647 \u06a9\u0644\u0627\u0686 \u062e\u0627\u0631\u062c\u06cc 399\" data-caption=\"\">\n\t\t\t\t\t\tGallery\t\t\t\t\t<\/a>\n\t\t\t\t\t\t\t\t\t\t\t\t\t\t\n\t\t\t\t\n\t\t\t\t\t\t\t\t\t\t\t\t<h4 class=\"fusion-rollover-title\">\n\t\t\t\t\t<a class=\"fusion-rollover-title-link\" href=\"https:\/\/www.veco.com.tr\/tr\/portfolio-items\/399-traktorun-dis-kavrama-kovani\/?portfolioCats=13\">\n\t\t\t\t\t\t399 Trakt\u00f6r\u00fcn d\u0131\u015f kavrama kovan\u0131\t\t\t\t\t<\/a>\n\t\t\t\t<\/h4>\n\t\t\t\n\t\t\t\t\t\t\t\t\t\t\t\t\t\t<div class=\"fusion-rollover-categories\"><a href=\"https:\/\/www.veco.com.tr\/tr\/portfolio_category\/tarim-makineleri-ve-traktorlerin-parcalari\/\" rel=\"tag\">Tar\u0131m makineleri ve trakt\u00f6rlerin par\u00e7alar\u0131<\/a><\/div>\t\t\t\t\t\n\t\t\n\t\t\t\t<a class=\"fusion-link-wrapper\" href=\"https:\/\/www.veco.com.tr\/tr\/portfolio-items\/399-traktorun-dis-kavrama-kovani\/?portfolioCats=13\" aria-label=\"399 Trakt\u00f6r\u00fcn d\u0131\u015f kavrama kovan\u0131\"><\/a>\n\t<\/div>\n<\/div>\n\n\t\n<\/div>\n<div class=\"fusion-portfolio-content\" style=\"background-color:rgba(255,255,255,0);\"><h2 class=\"entry-title fusion-post-title\"><a href=\"https:\/\/www.veco.com.tr\/tr\/portfolio-items\/399-traktorun-dis-kavrama-kovani\/?portfolioCats=13\">399 Trakt\u00f6r\u00fcn d\u0131\u015f kavrama kovan\u0131<\/a><\/h2><div class=\"fusion-post-content\"><\/div><\/div><\/div><\/article><article id=\"portfolio-1-post-418\" class=\"fusion-portfolio-post tarim-makineleri-ve-traktorlerin-parcalari fusion-col-spacing post-418\"><div class=\"fusion-portfolio-content-wrapper\" style=\"border:1px solid #f2f3f5;border-bottom-width:3px;background-color:rgba(255,255,255,0);\"><span class=\"vcard rich-snippet-hidden\"><span class=\"fn\"><a href=\"https:\/\/www.veco.com.tr\/tr\/author\/sahandazarin\/\" title=\"Posts by sahandazarin\" rel=\"author\">sahandazarin<\/a><\/span><\/span><span class=\"updated rich-snippet-hidden\">2021-10-19T11:59:15+00:00<\/span>\n\n<div  class=\"fusion-image-wrapper\" aria-haspopup=\"true\">\n\t\n\t\n\t\t\n\t\t\t\t\t<img width=\"500\" height=\"500\" src=\"https:\/\/www.veco.com.tr\/tr\/wp-content\/uploads\/2020\/08\/\u067e\u0648\u0633\u062a\u0647-\u06a9\u0644\u0627\u0686-\u062e\u0627\u0631\u062c\u06cc-285.png\" class=\"attachment-full size-full wp-post-image\" alt=\"\" loading=\"lazy\" srcset=\"https:\/\/www.veco.com.tr\/tr\/wp-content\/uploads\/2020\/08\/\u067e\u0648\u0633\u062a\u0647-\u06a9\u0644\u0627\u0686-\u062e\u0627\u0631\u062c\u06cc-285-200x200.png 200w, https:\/\/www.veco.com.tr\/tr\/wp-content\/uploads\/2020\/08\/\u067e\u0648\u0633\u062a\u0647-\u06a9\u0644\u0627\u0686-\u062e\u0627\u0631\u062c\u06cc-285-400x400.png 400w, https:\/\/www.veco.com.tr\/tr\/wp-content\/uploads\/2020\/08\/\u067e\u0648\u0633\u062a\u0647-\u06a9\u0644\u0627\u0686-\u062e\u0627\u0631\u062c\u06cc-285.png 500w\" sizes=\"(min-width: 2200px) 100vw, (min-width: 856px) 315px, (min-width: 784px) 420px, (min-width: 712px) 630px, (min-width: 640px) 712px, \" \/>\n\t\n\n\t\t<div class=\"fusion-rollover\">\n\t<div class=\"fusion-rollover-content\">\n\n\t\t\t\t\t\t\t\t\t\t\t\t\t\t<a class=\"fusion-rollover-link\" href=\"https:\/\/www.veco.com.tr\/tr\/portfolio-items\/285-traktorun-dis-kavrama-kovani\/?portfolioCats=13\">285 Trakt\u00f6r\u00fcn d\u0131\u015f kavrama kovan\u0131<\/a>\n\t\t\t\n\t\t\t\t\t\t\t\t\t\t\t\t\t\t\n\t\t\t\t\t\t\t\t\n\t\t\t\t\t\t\t\t\t\t\t\t\t<div class=\"fusion-rollover-sep\"><\/div>\n\t\t\t\t\n\t\t\t\t\t\t\t\t\t\t\t\t\t\t\t\t\t\t<a class=\"fusion-rollover-gallery\" href=\"https:\/\/www.veco.com.tr\/tr\/wp-content\/uploads\/2020\/08\/\u067e\u0648\u0633\u062a\u0647-\u06a9\u0644\u0627\u0686-\u062e\u0627\u0631\u062c\u06cc-285.png\" data-id=\"418\" data-rel=\"iLightbox[gallery-rw-1]\" data-title=\"\u067e\u0648\u0633\u062a\u0647 \u06a9\u0644\u0627\u0686 \u062e\u0627\u0631\u062c\u06cc 285\" data-caption=\"\">\n\t\t\t\t\t\tGallery\t\t\t\t\t<\/a>\n\t\t\t\t\t\t\t\t\t\t\t\t\t\t\n\t\t\t\t\n\t\t\t\t\t\t\t\t\t\t\t\t<h4 class=\"fusion-rollover-title\">\n\t\t\t\t\t<a class=\"fusion-rollover-title-link\" href=\"https:\/\/www.veco.com.tr\/tr\/portfolio-items\/285-traktorun-dis-kavrama-kovani\/?portfolioCats=13\">\n\t\t\t\t\t\t285 Trakt\u00f6r\u00fcn d\u0131\u015f kavrama kovan\u0131\t\t\t\t\t<\/a>\n\t\t\t\t<\/h4>\n\t\t\t\n\t\t\t\t\t\t\t\t\t\t\t\t\t\t<div class=\"fusion-rollover-categories\"><a href=\"https:\/\/www.veco.com.tr\/tr\/portfolio_category\/tarim-makineleri-ve-traktorlerin-parcalari\/\" rel=\"tag\">Tar\u0131m makineleri ve trakt\u00f6rlerin par\u00e7alar\u0131<\/a><\/div>\t\t\t\t\t\n\t\t\n\t\t\t\t<a class=\"fusion-link-wrapper\" href=\"https:\/\/www.veco.com.tr\/tr\/portfolio-items\/285-traktorun-dis-kavrama-kovani\/?portfolioCats=13\" aria-label=\"285 Trakt\u00f6r\u00fcn d\u0131\u015f kavrama kovan\u0131\"><\/a>\n\t<\/div>\n<\/div>\n\n\t\n<\/div>\n<div class=\"fusion-portfolio-content\" style=\"background-color:rgba(255,255,255,0);\"><h2 class=\"entry-title fusion-post-title\"><a href=\"https:\/\/www.veco.com.tr\/tr\/portfolio-items\/285-traktorun-dis-kavrama-kovani\/?portfolioCats=13\">285 Trakt\u00f6r\u00fcn d\u0131\u015f kavrama kovan\u0131<\/a><\/h2><div class=\"fusion-post-content\"><\/div><\/div><\/div><\/article><article id=\"portfolio-1-post-413\" class=\"fusion-portfolio-post tarim-makineleri-ve-traktorlerin-parcalari fusion-col-spacing post-413\"><div class=\"fusion-portfolio-content-wrapper\" style=\"border:1px solid #f2f3f5;border-bottom-width:3px;background-color:rgba(255,255,255,0);\"><span class=\"vcard rich-snippet-hidden\"><span class=\"fn\"><a href=\"https:\/\/www.veco.com.tr\/tr\/author\/sahandazarin\/\" title=\"Posts by sahandazarin\" rel=\"author\">sahandazarin<\/a><\/span><\/span><span class=\"updated rich-snippet-hidden\">2021-10-19T12:08:34+00:00<\/span>\n\n<div  class=\"fusion-image-wrapper\" aria-haspopup=\"true\">\n\t\n\t\n\t\t\n\t\t\t\t\t<img width=\"500\" height=\"500\" src=\"https:\/\/www.veco.com.tr\/tr\/wp-content\/uploads\/2020\/08\/\u067e\u062f\u0627\u0644-\u06a9\u0644\u0627\u0686.png\" class=\"attachment-full size-full wp-post-image\" alt=\"\" loading=\"lazy\" srcset=\"https:\/\/www.veco.com.tr\/tr\/wp-content\/uploads\/2020\/08\/\u067e\u062f\u0627\u0644-\u06a9\u0644\u0627\u0686-200x200.png 200w, https:\/\/www.veco.com.tr\/tr\/wp-content\/uploads\/2020\/08\/\u067e\u062f\u0627\u0644-\u06a9\u0644\u0627\u0686-400x400.png 400w, https:\/\/www.veco.com.tr\/tr\/wp-content\/uploads\/2020\/08\/\u067e\u062f\u0627\u0644-\u06a9\u0644\u0627\u0686.png 500w\" sizes=\"(min-width: 2200px) 100vw, (min-width: 856px) 315px, (min-width: 784px) 420px, (min-width: 712px) 630px, (min-width: 640px) 712px, \" \/>\n\t\n\n\t\t<div class=\"fusion-rollover\">\n\t<div class=\"fusion-rollover-content\">\n\n\t\t\t\t\t\t\t\t\t\t\t\t\t\t<a class=\"fusion-rollover-link\" href=\"https:\/\/www.veco.com.tr\/tr\/portfolio-items\/240-traktor-debriyaj-pedali\/?portfolioCats=13\">240 Trakt\u00f6r debriyaj pedal\u0131<\/a>\n\t\t\t\n\t\t\t\t\t\t\t\t\t\t\t\t\t\t\n\t\t\t\t\t\t\t\t\n\t\t\t\t\t\t\t\t\t\t\t\t\t<div class=\"fusion-rollover-sep\"><\/div>\n\t\t\t\t\n\t\t\t\t\t\t\t\t\t\t\t\t\t\t\t\t\t\t<a class=\"fusion-rollover-gallery\" href=\"https:\/\/www.veco.com.tr\/tr\/wp-content\/uploads\/2020\/08\/\u067e\u062f\u0627\u0644-\u06a9\u0644\u0627\u0686.png\" data-id=\"413\" data-rel=\"iLightbox[gallery-rw-1]\" data-title=\"\u067e\u062f\u0627\u0644 \u06a9\u0644\u0627\u0686\" data-caption=\"\">\n\t\t\t\t\t\tGallery\t\t\t\t\t<\/a>\n\t\t\t\t\t\t\t\t\t\t\t\t\t\t\n\t\t\t\t\n\t\t\t\t\t\t\t\t\t\t\t\t<h4 class=\"fusion-rollover-title\">\n\t\t\t\t\t<a class=\"fusion-rollover-title-link\" href=\"https:\/\/www.veco.com.tr\/tr\/portfolio-items\/240-traktor-debriyaj-pedali\/?portfolioCats=13\">\n\t\t\t\t\t\t240 Trakt\u00f6r debriyaj pedal\u0131\t\t\t\t\t<\/a>\n\t\t\t\t<\/h4>\n\t\t\t\n\t\t\t\t\t\t\t\t\t\t\t\t\t\t<div class=\"fusion-rollover-categories\"><a href=\"https:\/\/www.veco.com.tr\/tr\/portfolio_category\/tarim-makineleri-ve-traktorlerin-parcalari\/\" rel=\"tag\">Tar\u0131m makineleri ve trakt\u00f6rlerin par\u00e7alar\u0131<\/a><\/div>\t\t\t\t\t\n\t\t\n\t\t\t\t<a class=\"fusion-link-wrapper\" href=\"https:\/\/www.veco.com.tr\/tr\/portfolio-items\/240-traktor-debriyaj-pedali\/?portfolioCats=13\" aria-label=\"240 Trakt\u00f6r debriyaj pedal\u0131\"><\/a>\n\t<\/div>\n<\/div>\n\n\t\n<\/div>\n<div class=\"fusion-portfolio-content\" style=\"background-color:rgba(255,255,255,0);\"><h2 class=\"entry-title fusion-post-title\"><a href=\"https:\/\/www.veco.com.tr\/tr\/portfolio-items\/240-traktor-debriyaj-pedali\/?portfolioCats=13\">240 Trakt\u00f6r debriyaj pedal\u0131<\/a><\/h2><div class=\"fusion-post-content\"><\/div><\/div><\/div><\/article><article id=\"portfolio-1-post-400\" class=\"fusion-portfolio-post tarim-makineleri-ve-traktorlerin-parcalari fusion-col-spacing post-400\"><div class=\"fusion-portfolio-content-wrapper\" style=\"border:1px solid #f2f3f5;border-bottom-width:3px;background-color:rgba(255,255,255,0);\"><span class=\"vcard rich-snippet-hidden\"><span class=\"fn\"><a href=\"https:\/\/www.veco.com.tr\/tr\/author\/sahandazarin\/\" title=\"Posts by sahandazarin\" rel=\"author\">sahandazarin<\/a><\/span><\/span><span class=\"updated rich-snippet-hidden\">2021-10-18T11:48:03+00:00<\/span>\n\n<div  class=\"fusion-image-wrapper\" aria-haspopup=\"true\">\n\t\n\t\n\t\t\n\t\t\t\t\t<img width=\"500\" height=\"500\" src=\"https:\/\/www.veco.com.tr\/tr\/wp-content\/uploads\/2020\/08\/\u0628\u062f\u0646\u0647-\u0648\u0627\u062a\u0631-\u067e\u0645\u067e-4-\u0633\u0644\u06cc\u0646\u062f\u0631.png\" class=\"attachment-full size-full wp-post-image\" alt=\"\" loading=\"lazy\" srcset=\"https:\/\/www.veco.com.tr\/tr\/wp-content\/uploads\/2020\/08\/\u0628\u062f\u0646\u0647-\u0648\u0627\u062a\u0631-\u067e\u0645\u067e-4-\u0633\u0644\u06cc\u0646\u062f\u0631-200x200.png 200w, https:\/\/www.veco.com.tr\/tr\/wp-content\/uploads\/2020\/08\/\u0628\u062f\u0646\u0647-\u0648\u0627\u062a\u0631-\u067e\u0645\u067e-4-\u0633\u0644\u06cc\u0646\u062f\u0631-400x400.png 400w, https:\/\/www.veco.com.tr\/tr\/wp-content\/uploads\/2020\/08\/\u0628\u062f\u0646\u0647-\u0648\u0627\u062a\u0631-\u067e\u0645\u067e-4-\u0633\u0644\u06cc\u0646\u062f\u0631.png 500w\" sizes=\"(min-width: 2200px) 100vw, (min-width: 856px) 315px, (min-width: 784px) 420px, (min-width: 712px) 630px, (min-width: 640px) 712px, \" \/>\n\t\n\n\t\t<div class=\"fusion-rollover\">\n\t<div class=\"fusion-rollover-content\">\n\n\t\t\t\t\t\t\t\t\t\t\t\t\t\t<a class=\"fusion-rollover-link\" href=\"https:\/\/www.veco.com.tr\/tr\/portfolio-items\/4-silindirli-su-pompasi-govdesi\/?portfolioCats=13\">4 silindirli su pompas\u0131 g\u00f6vdesi<\/a>\n\t\t\t\n\t\t\t\t\t\t\t\t\t\t\t\t\t\t\n\t\t\t\t\t\t\t\t\n\t\t\t\t\t\t\t\t\t\t\t\t\t<div class=\"fusion-rollover-sep\"><\/div>\n\t\t\t\t\n\t\t\t\t\t\t\t\t\t\t\t\t\t\t\t\t\t\t<a class=\"fusion-rollover-gallery\" href=\"https:\/\/www.veco.com.tr\/tr\/wp-content\/uploads\/2020\/08\/\u0628\u062f\u0646\u0647-\u0648\u0627\u062a\u0631-\u067e\u0645\u067e-4-\u0633\u0644\u06cc\u0646\u062f\u0631.png\" data-id=\"400\" data-rel=\"iLightbox[gallery-rw-1]\" data-title=\"\u0628\u062f\u0646\u0647 \u0648\u0627\u062a\u0631 \u067e\u0645\u067e 4 \u0633\u0644\u06cc\u0646\u062f\u0631\" data-caption=\"\">\n\t\t\t\t\t\tGallery\t\t\t\t\t<\/a>\n\t\t\t\t\t\t\t\t\t\t\t\t\t\t\n\t\t\t\t\n\t\t\t\t\t\t\t\t\t\t\t\t<h4 class=\"fusion-rollover-title\">\n\t\t\t\t\t<a class=\"fusion-rollover-title-link\" href=\"https:\/\/www.veco.com.tr\/tr\/portfolio-items\/4-silindirli-su-pompasi-govdesi\/?portfolioCats=13\">\n\t\t\t\t\t\t4 silindirli su pompas\u0131 g\u00f6vdesi\t\t\t\t\t<\/a>\n\t\t\t\t<\/h4>\n\t\t\t\n\t\t\t\t\t\t\t\t\t\t\t\t\t\t<div class=\"fusion-rollover-categories\"><a href=\"https:\/\/www.veco.com.tr\/tr\/portfolio_category\/tarim-makineleri-ve-traktorlerin-parcalari\/\" rel=\"tag\">Tar\u0131m makineleri ve trakt\u00f6rlerin par\u00e7alar\u0131<\/a><\/div>\t\t\t\t\t\n\t\t\n\t\t\t\t<a class=\"fusion-link-wrapper\" href=\"https:\/\/www.veco.com.tr\/tr\/portfolio-items\/4-silindirli-su-pompasi-govdesi\/?portfolioCats=13\" aria-label=\"4 silindirli su pompas\u0131 g\u00f6vdesi\"><\/a>\n\t<\/div>\n<\/div>\n\n\t\n<\/div>\n<div class=\"fusion-portfolio-content\" style=\"background-color:rgba(255,255,255,0);\"><h2 class=\"entry-title fusion-post-title\"><a href=\"https:\/\/www.veco.com.tr\/tr\/portfolio-items\/4-silindirli-su-pompasi-govdesi\/?portfolioCats=13\">4 silindirli su pompas\u0131 g\u00f6vdesi<\/a><\/h2><div class=\"fusion-post-content\"><\/div><\/div><\/div><\/article><article id=\"portfolio-1-post-394\" class=\"fusion-portfolio-post tarim-makineleri-ve-traktorlerin-parcalari fusion-col-spacing post-394\"><div class=\"fusion-portfolio-content-wrapper\" style=\"border:1px solid #f2f3f5;border-bottom-width:3px;background-color:rgba(255,255,255,0);\"><span class=\"vcard rich-snippet-hidden\"><span class=\"fn\"><a href=\"https:\/\/www.veco.com.tr\/tr\/author\/sahandazarin\/\" title=\"Posts by sahandazarin\" rel=\"author\">sahandazarin<\/a><\/span><\/span><span class=\"updated rich-snippet-hidden\">2021-10-18T11:49:06+00:00<\/span>\n\n<div  class=\"fusion-image-wrapper\" aria-haspopup=\"true\">\n\t\n\t\n\t\t\n\t\t\t\t\t<img width=\"500\" height=\"500\" src=\"https:\/\/www.veco.com.tr\/tr\/wp-content\/uploads\/2020\/08\/\u0628\u0627\u06a9\u0633-\u0686\u0646\u06af\u0627\u0644-\u0634\u0627\u062a\u0648\u0646.png\" class=\"attachment-full size-full wp-post-image\" alt=\"\" loading=\"lazy\" srcset=\"https:\/\/www.veco.com.tr\/tr\/wp-content\/uploads\/2020\/08\/\u0628\u0627\u06a9\u0633-\u0686\u0646\u06af\u0627\u0644-\u0634\u0627\u062a\u0648\u0646-200x200.png 200w, https:\/\/www.veco.com.tr\/tr\/wp-content\/uploads\/2020\/08\/\u0628\u0627\u06a9\u0633-\u0686\u0646\u06af\u0627\u0644-\u0634\u0627\u062a\u0648\u0646-400x400.png 400w, https:\/\/www.veco.com.tr\/tr\/wp-content\/uploads\/2020\/08\/\u0628\u0627\u06a9\u0633-\u0686\u0646\u06af\u0627\u0644-\u0634\u0627\u062a\u0648\u0646.png 500w\" sizes=\"(min-width: 2200px) 100vw, (min-width: 856px) 315px, (min-width: 784px) 420px, (min-width: 712px) 630px, (min-width: 640px) 712px, \" \/>\n\t\n\n\t\t<div class=\"fusion-rollover\">\n\t<div class=\"fusion-rollover-content\">\n\n\t\t\t\t\t\t\t\t\t\t\t\t\t\t<a class=\"fusion-rollover-link\" href=\"https:\/\/www.veco.com.tr\/tr\/portfolio-items\/chaton-catal-kutusu\/?portfolioCats=13\">Chaton \u00c7atal Kutusu<\/a>\n\t\t\t\n\t\t\t\t\t\t\t\t\t\t\t\t\t\t\n\t\t\t\t\t\t\t\t\n\t\t\t\t\t\t\t\t\t\t\t\t\t<div class=\"fusion-rollover-sep\"><\/div>\n\t\t\t\t\n\t\t\t\t\t\t\t\t\t\t\t\t\t\t\t\t\t\t<a class=\"fusion-rollover-gallery\" href=\"https:\/\/www.veco.com.tr\/tr\/wp-content\/uploads\/2020\/08\/\u0628\u0627\u06a9\u0633-\u0686\u0646\u06af\u0627\u0644-\u0634\u0627\u062a\u0648\u0646.png\" data-id=\"394\" data-rel=\"iLightbox[gallery-rw-1]\" data-title=\"\u0628\u0627\u06a9\u0633 \u0686\u0646\u06af\u0627\u0644 \u0634\u0627\u062a\u0648\u0646\" data-caption=\"\">\n\t\t\t\t\t\tGallery\t\t\t\t\t<\/a>\n\t\t\t\t\t\t\t\t\t\t\t\t\t\t\n\t\t\t\t\n\t\t\t\t\t\t\t\t\t\t\t\t<h4 class=\"fusion-rollover-title\">\n\t\t\t\t\t<a class=\"fusion-rollover-title-link\" href=\"https:\/\/www.veco.com.tr\/tr\/portfolio-items\/chaton-catal-kutusu\/?portfolioCats=13\">\n\t\t\t\t\t\tChaton \u00c7atal Kutusu\t\t\t\t\t<\/a>\n\t\t\t\t<\/h4>\n\t\t\t\n\t\t\t\t\t\t\t\t\t\t\t\t\t\t<div class=\"fusion-rollover-categories\"><a href=\"https:\/\/www.veco.com.tr\/tr\/portfolio_category\/tarim-makineleri-ve-traktorlerin-parcalari\/\" rel=\"tag\">Tar\u0131m makineleri ve trakt\u00f6rlerin par\u00e7alar\u0131<\/a><\/div>\t\t\t\t\t\n\t\t\n\t\t\t\t<a class=\"fusion-link-wrapper\" href=\"https:\/\/www.veco.com.tr\/tr\/portfolio-items\/chaton-catal-kutusu\/?portfolioCats=13\" aria-label=\"Chaton \u00c7atal Kutusu\"><\/a>\n\t<\/div>\n<\/div>\n\n\t\n<\/div>\n<div class=\"fusion-portfolio-content\" style=\"background-color:rgba(255,255,255,0);\"><h2 class=\"entry-title fusion-post-title\"><a href=\"https:\/\/www.veco.com.tr\/tr\/portfolio-items\/chaton-catal-kutusu\/?portfolioCats=13\">Chaton \u00c7atal Kutusu<\/a><\/h2><div class=\"fusion-post-content\"><\/div><\/div><\/div><\/article><article id=\"portfolio-1-post-390\" class=\"fusion-portfolio-post tarim-makineleri-ve-traktorlerin-parcalari fusion-col-spacing post-390\"><div class=\"fusion-portfolio-content-wrapper\" style=\"border:1px solid #f2f3f5;border-bottom-width:3px;background-color:rgba(255,255,255,0);\"><span class=\"vcard rich-snippet-hidden\"><span class=\"fn\"><a href=\"https:\/\/www.veco.com.tr\/tr\/author\/sahandazarin\/\" title=\"Posts by sahandazarin\" rel=\"author\">sahandazarin<\/a><\/span><\/span><span class=\"updated rich-snippet-hidden\">2021-10-19T12:03:53+00:00<\/span>\n\n<div  class=\"fusion-image-wrapper\" aria-haspopup=\"true\">\n\t\n\t\n\t\t\n\t\t\t\t\t<img width=\"500\" height=\"500\" src=\"https:\/\/www.veco.com.tr\/tr\/wp-content\/uploads\/2020\/08\/\u0631\u0648\u062a\u0627\u06cc\u0646\u0631.png\" class=\"attachment-full size-full wp-post-image\" alt=\"\" loading=\"lazy\" srcset=\"https:\/\/www.veco.com.tr\/tr\/wp-content\/uploads\/2020\/08\/\u0631\u0648\u062a\u0627\u06cc\u0646\u0631-200x200.png 200w, https:\/\/www.veco.com.tr\/tr\/wp-content\/uploads\/2020\/08\/\u0631\u0648\u062a\u0627\u06cc\u0646\u0631-400x400.png 400w, https:\/\/www.veco.com.tr\/tr\/wp-content\/uploads\/2020\/08\/\u0631\u0648\u062a\u0627\u06cc\u0646\u0631.png 500w\" sizes=\"(min-width: 2200px) 100vw, (min-width: 856px) 315px, (min-width: 784px) 420px, (min-width: 712px) 630px, (min-width: 640px) 712px, \" \/>\n\t\n\n\t\t<div class=\"fusion-rollover\">\n\t<div class=\"fusion-rollover-content\">\n\n\t\t\t\t\t\t\t\t\t\t\t\t\t\t<a class=\"fusion-rollover-link\" href=\"https:\/\/www.veco.com.tr\/tr\/portfolio-items\/rotainer\/?portfolioCats=13\">Rota\u0131ner<\/a>\n\t\t\t\n\t\t\t\t\t\t\t\t\t\t\t\t\t\t\n\t\t\t\t\t\t\t\t\n\t\t\t\t\t\t\t\t\t\t\t\t\t<div class=\"fusion-rollover-sep\"><\/div>\n\t\t\t\t\n\t\t\t\t\t\t\t\t\t\t\t\t\t\t\t\t\t\t<a class=\"fusion-rollover-gallery\" href=\"https:\/\/www.veco.com.tr\/tr\/wp-content\/uploads\/2020\/08\/\u0631\u0648\u062a\u0627\u06cc\u0646\u0631.png\" data-id=\"390\" data-rel=\"iLightbox[gallery-rw-1]\" data-title=\"\u0631\u0648\u062a\u0627\u06cc\u0646\u0631\" data-caption=\"\">\n\t\t\t\t\t\tGallery\t\t\t\t\t<\/a>\n\t\t\t\t\t\t\t\t\t\t\t\t\t\t\n\t\t\t\t\n\t\t\t\t\t\t\t\t\t\t\t\t<h4 class=\"fusion-rollover-title\">\n\t\t\t\t\t<a class=\"fusion-rollover-title-link\" href=\"https:\/\/www.veco.com.tr\/tr\/portfolio-items\/rotainer\/?portfolioCats=13\">\n\t\t\t\t\t\tRota\u0131ner\t\t\t\t\t<\/a>\n\t\t\t\t<\/h4>\n\t\t\t\n\t\t\t\t\t\t\t\t\t\t\t\t\t\t<div class=\"fusion-rollover-categories\"><a href=\"https:\/\/www.veco.com.tr\/tr\/portfolio_category\/tarim-makineleri-ve-traktorlerin-parcalari\/\" rel=\"tag\">Tar\u0131m makineleri ve trakt\u00f6rlerin par\u00e7alar\u0131<\/a><\/div>\t\t\t\t\t\n\t\t\n\t\t\t\t<a class=\"fusion-link-wrapper\" href=\"https:\/\/www.veco.com.tr\/tr\/portfolio-items\/rotainer\/?portfolioCats=13\" aria-label=\"Rota\u0131ner\"><\/a>\n\t<\/div>\n<\/div>\n\n\t\n<\/div>\n<div class=\"fusion-portfolio-content\" style=\"background-color:rgba(255,255,255,0);\"><h2 class=\"entry-title fusion-post-title\"><a href=\"https:\/\/www.veco.com.tr\/tr\/portfolio-items\/rotainer\/?portfolioCats=13\">Rota\u0131ner<\/a><\/h2><div class=\"fusion-post-content\"><\/div><\/div><\/div><\/article><article id=\"portfolio-1-post-387\" class=\"fusion-portfolio-post tarim-makineleri-ve-traktorlerin-parcalari fusion-col-spacing post-387\"><div class=\"fusion-portfolio-content-wrapper\" style=\"border:1px solid #f2f3f5;border-bottom-width:3px;background-color:rgba(255,255,255,0);\"><span class=\"vcard rich-snippet-hidden\"><span class=\"fn\"><a href=\"https:\/\/www.veco.com.tr\/tr\/author\/sahandazarin\/\" title=\"Posts by sahandazarin\" rel=\"author\">sahandazarin<\/a><\/span><\/span><span class=\"updated rich-snippet-hidden\">2021-10-19T12:06:47+00:00<\/span>\n\n<div  class=\"fusion-image-wrapper\" aria-haspopup=\"true\">\n\t\n\t\n\t\t\n\t\t\t\t\t<img width=\"500\" height=\"500\" src=\"https:\/\/www.veco.com.tr\/tr\/wp-content\/uploads\/2020\/08\/\u0634\u06cc\u0631-\u062f\u0648-\u0627\u0633\u067e\u0644.png\" class=\"attachment-full size-full wp-post-image\" alt=\"\" loading=\"lazy\" srcset=\"https:\/\/www.veco.com.tr\/tr\/wp-content\/uploads\/2020\/08\/\u0634\u06cc\u0631-\u062f\u0648-\u0627\u0633\u067e\u0644-200x200.png 200w, https:\/\/www.veco.com.tr\/tr\/wp-content\/uploads\/2020\/08\/\u0634\u06cc\u0631-\u062f\u0648-\u0627\u0633\u067e\u0644-400x400.png 400w, https:\/\/www.veco.com.tr\/tr\/wp-content\/uploads\/2020\/08\/\u0634\u06cc\u0631-\u062f\u0648-\u0627\u0633\u067e\u0644.png 500w\" sizes=\"(min-width: 2200px) 100vw, (min-width: 856px) 315px, (min-width: 784px) 420px, (min-width: 712px) 630px, (min-width: 640px) 712px, \" \/>\n\t\n\n\t\t<div class=\"fusion-rollover\">\n\t<div class=\"fusion-rollover-content\">\n\n\t\t\t\t\t\t\t\t\t\t\t\t\t\t<a class=\"fusion-rollover-link\" href=\"https:\/\/www.veco.com.tr\/tr\/portfolio-items\/iki-makarali-valf\/?portfolioCats=13\">iki makaral\u0131 valf<\/a>\n\t\t\t\n\t\t\t\t\t\t\t\t\t\t\t\t\t\t\n\t\t\t\t\t\t\t\t\n\t\t\t\t\t\t\t\t\t\t\t\t\t<div class=\"fusion-rollover-sep\"><\/div>\n\t\t\t\t\n\t\t\t\t\t\t\t\t\t\t\t\t\t\t\t\t\t\t<a class=\"fusion-rollover-gallery\" href=\"https:\/\/www.veco.com.tr\/tr\/wp-content\/uploads\/2020\/08\/\u0634\u06cc\u0631-\u062f\u0648-\u0627\u0633\u067e\u0644.png\" data-id=\"387\" data-rel=\"iLightbox[gallery-rw-1]\" data-title=\"\u0634\u06cc\u0631 \u062f\u0648 \u0627\u0633\u067e\u0644\" data-caption=\"\">\n\t\t\t\t\t\tGallery\t\t\t\t\t<\/a>\n\t\t\t\t\t\t\t\t\t\t\t\t\t\t\n\t\t\t\t\n\t\t\t\t\t\t\t\t\t\t\t\t<h4 class=\"fusion-rollover-title\">\n\t\t\t\t\t<a class=\"fusion-rollover-title-link\" href=\"https:\/\/www.veco.com.tr\/tr\/portfolio-items\/iki-makarali-valf\/?portfolioCats=13\">\n\t\t\t\t\t\tiki makaral\u0131 valf\t\t\t\t\t<\/a>\n\t\t\t\t<\/h4>\n\t\t\t\n\t\t\t\t\t\t\t\t\t\t\t\t\t\t<div class=\"fusion-rollover-categories\"><a href=\"https:\/\/www.veco.com.tr\/tr\/portfolio_category\/tarim-makineleri-ve-traktorlerin-parcalari\/\" rel=\"tag\">Tar\u0131m makineleri ve trakt\u00f6rlerin par\u00e7alar\u0131<\/a><\/div>\t\t\t\t\t\n\t\t\n\t\t\t\t<a class=\"fusion-link-wrapper\" href=\"https:\/\/www.veco.com.tr\/tr\/portfolio-items\/iki-makarali-valf\/?portfolioCats=13\" aria-label=\"iki makaral\u0131 valf\"><\/a>\n\t<\/div>\n<\/div>\n\n\t\n<\/div>\n<div class=\"fusion-portfolio-content\" style=\"background-color:rgba(255,255,255,0);\"><h2 class=\"entry-title fusion-post-title\"><a href=\"https:\/\/www.veco.com.tr\/tr\/portfolio-items\/iki-makarali-valf\/?portfolioCats=13\">iki makaral\u0131 valf<\/a><\/h2><div class=\"fusion-post-content\"><\/div><\/div><\/div><\/article><article id=\"portfolio-1-post-377\" class=\"fusion-portfolio-post tarim-makineleri-ve-traktorlerin-parcalari fusion-col-spacing post-377\"><div class=\"fusion-portfolio-content-wrapper\" style=\"border:1px solid #f2f3f5;border-bottom-width:3px;background-color:rgba(255,255,255,0);\"><span class=\"vcard rich-snippet-hidden\"><span class=\"fn\"><a href=\"https:\/\/www.veco.com.tr\/tr\/author\/sahandazarin\/\" title=\"Posts by sahandazarin\" rel=\"author\">sahandazarin<\/a><\/span><\/span><span class=\"updated rich-snippet-hidden\">2021-11-16T06:37:51-01:00<\/span>\n\n<div  class=\"fusion-image-wrapper\" aria-haspopup=\"true\">\n\t\n\t\n\t\t\n\t\t\t\t\t<img width=\"500\" height=\"500\" src=\"https:\/\/www.veco.com.tr\/tr\/wp-content\/uploads\/2020\/08\/\u0632\u06cc\u0646-\u0627\u0633\u0628\u06cc.png\" class=\"attachment-full size-full wp-post-image\" alt=\"\" loading=\"lazy\" srcset=\"https:\/\/www.veco.com.tr\/tr\/wp-content\/uploads\/2020\/08\/\u0632\u06cc\u0646-\u0627\u0633\u0628\u06cc-200x200.png 200w, https:\/\/www.veco.com.tr\/tr\/wp-content\/uploads\/2020\/08\/\u0632\u06cc\u0646-\u0627\u0633\u0628\u06cc-400x400.png 400w, https:\/\/www.veco.com.tr\/tr\/wp-content\/uploads\/2020\/08\/\u0632\u06cc\u0646-\u0627\u0633\u0628\u06cc.png 500w\" sizes=\"(min-width: 2200px) 100vw, (min-width: 856px) 315px, (min-width: 784px) 420px, (min-width: 712px) 630px, (min-width: 640px) 712px, \" \/>\n\t\n\n\t\t<div class=\"fusion-rollover\">\n\t<div class=\"fusion-rollover-content\">\n\n\t\t\t\t\t\t\t\t\t\t\t\t\t\t<a class=\"fusion-rollover-link\" href=\"https:\/\/www.veco.com.tr\/tr\/portfolio-items\/saddle\/?portfolioCats=13\">saddle<\/a>\n\t\t\t\n\t\t\t\t\t\t\t\t\t\t\t\t\t\t\n\t\t\t\t\t\t\t\t\n\t\t\t\t\t\t\t\t\t\t\t\t\t<div class=\"fusion-rollover-sep\"><\/div>\n\t\t\t\t\n\t\t\t\t\t\t\t\t\t\t\t\t\t\t\t\t\t\t<a class=\"fusion-rollover-gallery\" href=\"https:\/\/www.veco.com.tr\/tr\/wp-content\/uploads\/2020\/08\/\u0632\u06cc\u0646-\u0627\u0633\u0628\u06cc.png\" data-id=\"377\" data-rel=\"iLightbox[gallery-rw-1]\" data-title=\"\u0632\u06cc\u0646 \u0627\u0633\u0628\u06cc\" data-caption=\"\">\n\t\t\t\t\t\tGallery\t\t\t\t\t<\/a>\n\t\t\t\t\t\t\t\t\t\t\t\t\t\t\n\t\t\t\t\n\t\t\t\t\t\t\t\t\t\t\t\t<h4 class=\"fusion-rollover-title\">\n\t\t\t\t\t<a class=\"fusion-rollover-title-link\" href=\"https:\/\/www.veco.com.tr\/tr\/portfolio-items\/saddle\/?portfolioCats=13\">\n\t\t\t\t\t\tsaddle\t\t\t\t\t<\/a>\n\t\t\t\t<\/h4>\n\t\t\t\n\t\t\t\t\t\t\t\t\t\t\t\t\t\t<div class=\"fusion-rollover-categories\"><a href=\"https:\/\/www.veco.com.tr\/tr\/portfolio_category\/tarim-makineleri-ve-traktorlerin-parcalari\/\" rel=\"tag\">Tar\u0131m makineleri ve trakt\u00f6rlerin par\u00e7alar\u0131<\/a><\/div>\t\t\t\t\t\n\t\t\n\t\t\t\t<a class=\"fusion-link-wrapper\" href=\"https:\/\/www.veco.com.tr\/tr\/portfolio-items\/saddle\/?portfolioCats=13\" aria-label=\"saddle\"><\/a>\n\t<\/div>\n<\/div>\n\n\t\n<\/div>\n<div class=\"fusion-portfolio-content\" style=\"background-color:rgba(255,255,255,0);\"><h2 class=\"entry-title fusion-post-title\"><a href=\"https:\/\/www.veco.com.tr\/tr\/portfolio-items\/saddle\/?portfolioCats=13\">saddle<\/a><\/h2><div class=\"fusion-post-content\"><\/div><\/div><\/div><\/article><article id=\"portfolio-1-post-372\" class=\"fusion-portfolio-post tarim-makineleri-ve-traktorlerin-parcalari fusion-col-spacing post-372\"><div class=\"fusion-portfolio-content-wrapper\" style=\"border:1px solid #f2f3f5;border-bottom-width:3px;background-color:rgba(255,255,255,0);\"><span class=\"vcard rich-snippet-hidden\"><span class=\"fn\"><a href=\"https:\/\/www.veco.com.tr\/tr\/author\/sahandazarin\/\" title=\"Posts by sahandazarin\" rel=\"author\">sahandazarin<\/a><\/span><\/span><span class=\"updated rich-snippet-hidden\">2021-10-19T12:05:21+00:00<\/span>\n\n<div  class=\"fusion-image-wrapper\" aria-haspopup=\"true\">\n\t\n\t\n\t\t\n\t\t\t\t\t<img width=\"500\" height=\"500\" src=\"https:\/\/www.veco.com.tr\/tr\/wp-content\/uploads\/2020\/08\/\u0628\u0631\u0627\u06a9\u062a.png\" class=\"attachment-full size-full wp-post-image\" alt=\"\" loading=\"lazy\" srcset=\"https:\/\/www.veco.com.tr\/tr\/wp-content\/uploads\/2020\/08\/\u0628\u0631\u0627\u06a9\u062a-200x200.png 200w, https:\/\/www.veco.com.tr\/tr\/wp-content\/uploads\/2020\/08\/\u0628\u0631\u0627\u06a9\u062a-400x400.png 400w, https:\/\/www.veco.com.tr\/tr\/wp-content\/uploads\/2020\/08\/\u0628\u0631\u0627\u06a9\u062a.png 500w\" sizes=\"(min-width: 2200px) 100vw, (min-width: 856px) 315px, (min-width: 784px) 420px, (min-width: 712px) 630px, (min-width: 640px) 712px, \" \/>\n\t\n\n\t\t<div class=\"fusion-rollover\">\n\t<div class=\"fusion-rollover-content\">\n\n\t\t\t\t\t\t\t\t\t\t\t\t\t\t<a class=\"fusion-rollover-link\" href=\"https:\/\/www.veco.com.tr\/tr\/portfolio-items\/braket\/?portfolioCats=13\">Braket<\/a>\n\t\t\t\n\t\t\t\t\t\t\t\t\t\t\t\t\t\t\n\t\t\t\t\t\t\t\t\n\t\t\t\t\t\t\t\t\t\t\t\t\t<div class=\"fusion-rollover-sep\"><\/div>\n\t\t\t\t\n\t\t\t\t\t\t\t\t\t\t\t\t\t\t\t\t\t\t<a class=\"fusion-rollover-gallery\" href=\"https:\/\/www.veco.com.tr\/tr\/wp-content\/uploads\/2020\/08\/\u0628\u0631\u0627\u06a9\u062a.png\" data-id=\"372\" data-rel=\"iLightbox[gallery-rw-1]\" data-title=\"\u0628\u0631\u0627\u06a9\u062a\" data-caption=\"\">\n\t\t\t\t\t\tGallery\t\t\t\t\t<\/a>\n\t\t\t\t\t\t\t\t\t\t\t\t\t\t\n\t\t\t\t\n\t\t\t\t\t\t\t\t\t\t\t\t<h4 class=\"fusion-rollover-title\">\n\t\t\t\t\t<a class=\"fusion-rollover-title-link\" href=\"https:\/\/www.veco.com.tr\/tr\/portfolio-items\/braket\/?portfolioCats=13\">\n\t\t\t\t\t\tBraket\t\t\t\t\t<\/a>\n\t\t\t\t<\/h4>\n\t\t\t\n\t\t\t\t\t\t\t\t\t\t\t\t\t\t<div class=\"fusion-rollover-categories\"><a href=\"https:\/\/www.veco.com.tr\/tr\/portfolio_category\/tarim-makineleri-ve-traktorlerin-parcalari\/\" rel=\"tag\">Tar\u0131m makineleri ve trakt\u00f6rlerin par\u00e7alar\u0131<\/a><\/div>\t\t\t\t\t\n\t\t\n\t\t\t\t<a class=\"fusion-link-wrapper\" href=\"https:\/\/www.veco.com.tr\/tr\/portfolio-items\/braket\/?portfolioCats=13\" aria-label=\"Braket\"><\/a>\n\t<\/div>\n<\/div>\n\n\t\n<\/div>\n<div class=\"fusion-portfolio-content\" style=\"background-color:rgba(255,255,255,0);\"><h2 class=\"entry-title fusion-post-title\"><a href=\"https:\/\/www.veco.com.tr\/tr\/portfolio-items\/braket\/?portfolioCats=13\">Braket<\/a><\/h2><div class=\"fusion-post-content\"><\/div><\/div><\/div><\/article><article id=\"portfolio-1-post-369\" class=\"fusion-portfolio-post tarim-makineleri-ve-traktorlerin-parcalari fusion-col-spacing post-369\"><div class=\"fusion-portfolio-content-wrapper\" style=\"border:1px solid #f2f3f5;border-bottom-width:3px;background-color:rgba(255,255,255,0);\"><span class=\"vcard rich-snippet-hidden\"><span class=\"fn\"><a href=\"https:\/\/www.veco.com.tr\/tr\/author\/sahandazarin\/\" title=\"Posts by sahandazarin\" rel=\"author\">sahandazarin<\/a><\/span><\/span><span class=\"updated rich-snippet-hidden\">2021-10-19T12:04:37+00:00<\/span>\n\n<div  class=\"fusion-image-wrapper\" aria-haspopup=\"true\">\n\t\n\t\n\t\t\n\t\t\t\t\t<img width=\"500\" height=\"500\" src=\"https:\/\/www.veco.com.tr\/tr\/wp-content\/uploads\/2020\/08\/\u06a9\u06cc\u0633-\u0627\u06a9\u0686\u0648\u0631.png\" class=\"attachment-full size-full wp-post-image\" alt=\"\" loading=\"lazy\" srcset=\"https:\/\/www.veco.com.tr\/tr\/wp-content\/uploads\/2020\/08\/\u06a9\u06cc\u0633-\u0627\u06a9\u0686\u0648\u0631-200x200.png 200w, https:\/\/www.veco.com.tr\/tr\/wp-content\/uploads\/2020\/08\/\u06a9\u06cc\u0633-\u0627\u06a9\u0686\u0648\u0631-400x400.png 400w, https:\/\/www.veco.com.tr\/tr\/wp-content\/uploads\/2020\/08\/\u06a9\u06cc\u0633-\u0627\u06a9\u0686\u0648\u0631.png 500w\" sizes=\"(min-width: 2200px) 100vw, (min-width: 856px) 315px, (min-width: 784px) 420px, (min-width: 712px) 630px, (min-width: 640px) 712px, \" \/>\n\t\n\n\t\t<div class=\"fusion-rollover\">\n\t<div class=\"fusion-rollover-content\">\n\n\t\t\t\t\t\t\t\t\t\t\t\t\t\t<a class=\"fusion-rollover-link\" href=\"https:\/\/www.veco.com.tr\/tr\/portfolio-items\/case-actuator\/?portfolioCats=13\">Case Actuator<\/a>\n\t\t\t\n\t\t\t\t\t\t\t\t\t\t\t\t\t\t\n\t\t\t\t\t\t\t\t\n\t\t\t\t\t\t\t\t\t\t\t\t\t<div class=\"fusion-rollover-sep\"><\/div>\n\t\t\t\t\n\t\t\t\t\t\t\t\t\t\t\t\t\t\t\t\t\t\t<a class=\"fusion-rollover-gallery\" href=\"https:\/\/www.veco.com.tr\/tr\/wp-content\/uploads\/2020\/08\/\u06a9\u06cc\u0633-\u0627\u06a9\u0686\u0648\u0631.png\" data-id=\"369\" data-rel=\"iLightbox[gallery-rw-1]\" data-title=\"\u06a9\u06cc\u0633 \u0627\u06a9\u0686\u0648\u0631\" data-caption=\"\">\n\t\t\t\t\t\tGallery\t\t\t\t\t<\/a>\n\t\t\t\t\t\t\t\t\t\t\t\t\t\t\n\t\t\t\t\n\t\t\t\t\t\t\t\t\t\t\t\t<h4 class=\"fusion-rollover-title\">\n\t\t\t\t\t<a class=\"fusion-rollover-title-link\" href=\"https:\/\/www.veco.com.tr\/tr\/portfolio-items\/case-actuator\/?portfolioCats=13\">\n\t\t\t\t\t\tCase Actuator\t\t\t\t\t<\/a>\n\t\t\t\t<\/h4>\n\t\t\t\n\t\t\t\t\t\t\t\t\t\t\t\t\t\t<div class=\"fusion-rollover-categories\"><a href=\"https:\/\/www.veco.com.tr\/tr\/portfolio_category\/tarim-makineleri-ve-traktorlerin-parcalari\/\" rel=\"tag\">Tar\u0131m makineleri ve trakt\u00f6rlerin par\u00e7alar\u0131<\/a><\/div>\t\t\t\t\t\n\t\t\n\t\t\t\t<a class=\"fusion-link-wrapper\" href=\"https:\/\/www.veco.com.tr\/tr\/portfolio-items\/case-actuator\/?portfolioCats=13\" aria-label=\"Case Actuator\"><\/a>\n\t<\/div>\n<\/div>\n\n\t\n<\/div>\n<div class=\"fusion-portfolio-content\" style=\"background-color:rgba(255,255,255,0);\"><h2 class=\"entry-title fusion-post-title\"><a href=\"https:\/\/www.veco.com.tr\/tr\/portfolio-items\/case-actuator\/?portfolioCats=13\">Case Actuator<\/a><\/h2><div class=\"fusion-post-content\"><\/div><\/div><\/div><\/article><article id=\"portfolio-1-post-367\" class=\"fusion-portfolio-post tarim-makineleri-ve-traktorlerin-parcalari fusion-col-spacing post-367\"><div class=\"fusion-portfolio-content-wrapper\" style=\"border:1px solid #f2f3f5;border-bottom-width:3px;background-color:rgba(255,255,255,0);\"><span class=\"vcard rich-snippet-hidden\"><span class=\"fn\"><a href=\"https:\/\/www.veco.com.tr\/tr\/author\/sahandazarin\/\" title=\"Posts by sahandazarin\" rel=\"author\">sahandazarin<\/a><\/span><\/span><span class=\"updated rich-snippet-hidden\">2021-10-18T11:51:12+00:00<\/span>\n\n<div  class=\"fusion-image-wrapper\" aria-haspopup=\"true\">\n\t\n\t\n\t\t\n\t\t\t\t\t<img width=\"500\" height=\"500\" src=\"https:\/\/www.veco.com.tr\/tr\/wp-content\/uploads\/2020\/08\/\u0634\u06cc\u0631-\u0647\u06cc\u062f\u0631\u0648\u0644\u06cc\u0645-pmv-1.jpg\" class=\"attachment-full size-full wp-post-image\" alt=\"\" loading=\"lazy\" srcset=\"https:\/\/www.veco.com.tr\/tr\/wp-content\/uploads\/2020\/08\/\u0634\u06cc\u0631-\u0647\u06cc\u062f\u0631\u0648\u0644\u06cc\u0645-pmv-1-200x200.jpg 200w, https:\/\/www.veco.com.tr\/tr\/wp-content\/uploads\/2020\/08\/\u0634\u06cc\u0631-\u0647\u06cc\u062f\u0631\u0648\u0644\u06cc\u0645-pmv-1-400x400.jpg 400w, https:\/\/www.veco.com.tr\/tr\/wp-content\/uploads\/2020\/08\/\u0634\u06cc\u0631-\u0647\u06cc\u062f\u0631\u0648\u0644\u06cc\u0645-pmv-1.jpg 500w\" sizes=\"(min-width: 2200px) 100vw, (min-width: 856px) 315px, (min-width: 784px) 420px, (min-width: 712px) 630px, (min-width: 640px) 712px, \" \/>\n\t\n\n\t\t<div class=\"fusion-rollover\">\n\t<div class=\"fusion-rollover-content\">\n\n\t\t\t\t\t\t\t\t\t\t\t\t\t\t<a class=\"fusion-rollover-link\" href=\"https:\/\/www.veco.com.tr\/tr\/portfolio-items\/pmv-hidrolik-valf\/?portfolioCats=13\">PMV Hidrolik valf<\/a>\n\t\t\t\n\t\t\t\t\t\t\t\t\t\t\t\t\t\t\n\t\t\t\t\t\t\t\t\n\t\t\t\t\t\t\t\t\t\t\t\t\t<div class=\"fusion-rollover-sep\"><\/div>\n\t\t\t\t\n\t\t\t\t\t\t\t\t\t\t\t\t\t\t\t\t\t\t<a class=\"fusion-rollover-gallery\" href=\"https:\/\/www.veco.com.tr\/tr\/wp-content\/uploads\/2020\/08\/\u0634\u06cc\u0631-\u0647\u06cc\u062f\u0631\u0648\u0644\u06cc\u0645-pmv-1.jpg\" data-id=\"367\" data-rel=\"iLightbox[gallery-rw-1]\" data-title=\"\u0634\u06cc\u0631-\u0647\u06cc\u062f\u0631\u0648\u0644\u06cc\u0645-pmv\" data-caption=\"\">\n\t\t\t\t\t\tGallery\t\t\t\t\t<\/a>\n\t\t\t\t\t\t\t\t\t\t\t\t\t\t\n\t\t\t\t\n\t\t\t\t\t\t\t\t\t\t\t\t<h4 class=\"fusion-rollover-title\">\n\t\t\t\t\t<a class=\"fusion-rollover-title-link\" href=\"https:\/\/www.veco.com.tr\/tr\/portfolio-items\/pmv-hidrolik-valf\/?portfolioCats=13\">\n\t\t\t\t\t\tPMV Hidrolik valf\t\t\t\t\t<\/a>\n\t\t\t\t<\/h4>\n\t\t\t\n\t\t\t\t\t\t\t\t\t\t\t\t\t\t<div class=\"fusion-rollover-categories\"><a href=\"https:\/\/www.veco.com.tr\/tr\/portfolio_category\/tarim-makineleri-ve-traktorlerin-parcalari\/\" rel=\"tag\">Tar\u0131m makineleri ve trakt\u00f6rlerin par\u00e7alar\u0131<\/a><\/div>\t\t\t\t\t\n\t\t\n\t\t\t\t<a class=\"fusion-link-wrapper\" href=\"https:\/\/www.veco.com.tr\/tr\/portfolio-items\/pmv-hidrolik-valf\/?portfolioCats=13\" aria-label=\"PMV Hidrolik valf\"><\/a>\n\t<\/div>\n<\/div>\n\n\t\n<\/div>\n<div class=\"fusion-portfolio-content\" style=\"background-color:rgba(255,255,255,0);\"><h2 class=\"entry-title fusion-post-title\"><a href=\"https:\/\/www.veco.com.tr\/tr\/portfolio-items\/pmv-hidrolik-valf\/?portfolioCats=13\">PMV Hidrolik valf<\/a><\/h2><div class=\"fusion-post-content\"><\/div><\/div><\/div><\/article><\/div><div class=\"fusion-infinite-scroll-trigger\"><\/div><div class=\"pagination infinite-scroll clearfix\" style=\"display:none;\"><span class=\"current\">1<\/span><a href=\"https:\/\/www.veco.com.tr\/tr\/wp-json\/wp\/v2\/pages\/176\/page\/2\/\" class=\"inactive\">2<\/a><a class=\"pagination-next\" rel=\"next\" href=\"https:\/\/www.veco.com.tr\/tr\/wp-json\/wp\/v2\/pages\/176\/page\/2\/\"><span class=\"page-text\">Next<\/span><span class=\"page-next\"><\/span><\/a><\/div><div class=\"fusion-clearfix\"><\/div><\/div><\/div><\/div><style type=\"text\/css\">.fusion-body .fusion-builder-column-0{width:100% !important;margin-top : 0px;margin-bottom : 20px;}.fusion-builder-column-0 > .fusion-column-wrapper {padding-top : 0px !important;padding-right : 0px !important;margin-right : 1.92%;padding-bottom : 0px !important;padding-left : 0px !important;margin-left : 1.92%;}@media only screen and (max-width:1024px) {.fusion-body .fusion-builder-column-0{width:100% !important;}.fusion-builder-column-0 > .fusion-column-wrapper {margin-right : 1.92%;margin-left : 1.92%;}}@media only screen and (max-width:640px) {.fusion-body .fusion-builder-column-0{width:100% !important;}.fusion-builder-column-0 > .fusion-column-wrapper {margin-right : 1.92%;margin-left : 1.92%;}}<\/style><\/div><style type=\"text\/css\">.fusion-body .fusion-flex-container.fusion-builder-row-1{ padding-top : 0px;margin-top : 0px;padding-right : 0px;padding-bottom : 0px;margin-bottom : 0px;padding-left : 0px;}<\/style><\/div>\n","protected":false},"excerpt":{"rendered":"","protected":false},"author":2,"featured_media":0,"parent":0,"menu_order":0,"comment_status":"closed","ping_status":"closed","template":"","meta":[],"_links":{"self":[{"href":"https:\/\/www.veco.com.tr\/tr\/wp-json\/wp\/v2\/pages\/176"}],"collection":[{"href":"https:\/\/www.veco.com.tr\/tr\/wp-json\/wp\/v2\/pages"}],"about":[{"href":"https:\/\/www.veco.com.tr\/tr\/wp-json\/wp\/v2\/types\/page"}],"author":[{"embeddable":true,"href":"https:\/\/www.veco.com.tr\/tr\/wp-json\/wp\/v2\/users\/2"}],"replies":[{"embeddable":true,"href":"https:\/\/www.veco.com.tr\/tr\/wp-json\/wp\/v2\/comments?post=176"}],"version-history":[{"count":3,"href":"https:\/\/www.veco.com.tr\/tr\/wp-json\/wp\/v2\/pages\/176\/revisions"}],"predecessor-version":[{"id":1513,"href":"https:\/\/www.veco.com.tr\/tr\/wp-json\/wp\/v2\/pages\/176\/revisions\/1513"}],"wp:attachment":[{"href":"https:\/\/www.veco.com.tr\/tr\/wp-json\/wp\/v2\/media?parent=176"}],"curies":[{"name":"wp","href":"https:\/\/api.w.org\/{rel}","templated":true}]}}